{"id":10689,"date":"2022-10-09T21:31:37","date_gmt":"2022-10-09T19:31:37","guid":{"rendered":"https:\/\/www.lraloeverashop.eu\/product\/aloe-vera-mascara-nutri-repair\/"},"modified":"2026-02-08T10:34:26","modified_gmt":"2026-02-08T09:34:26","slug":"aloe-vera-mascara-nutri-repair","status":"publish","type":"product","link":"https:\/\/www.lraloeverashop.eu\/pt-pt\/produto\/aloe-vera-mascara-nutri-repair\/","title":{"rendered":"M\u00e1scara de Cabelo Aloe Vera Nutri Repair"},"content":{"rendered":"<h2><span style=\"font-size: 16pt;\"><strong>M\u00e1scara de Cabelo Aloe Vera Nutri Repair<\/strong><\/span><\/h2>\n<p><span style=\"font-size: 14pt;\"><strong>M\u00e1scara de Cabelo Aloe Vera Nutri Repair Para Cabelo Saud\u00e1vel, Sedoso e Brilhante.<\/strong><\/span><\/p>\n<p>M\u00e1scara para Cabelos Secos Aloe Vera repara e hidrata o cabelo do interior, gra\u00e7as ao Nutri Oil Repair, que cont\u00e9m 7 \u00f3leos naturais que oferecem um efeito sin\u00e9rgico. Com o uso di\u00e1rio, o cabelo fica mais saud\u00e1vel enquanto restaura o brilho. O seu cabelo tamb\u00e9m se torna <a href=\"https:\/\/www.lraloeverashop.eu\/pt-pt\/produto\/lr-beauty-elixir-5-em-1\/\">mais forte<\/a> e menos sujeito a quebras; um cabelo mais suave e brilhante ser\u00e1 seu!<\/p>\n<p>&nbsp;<\/p>\n<h3><strong><span style=\"font-size: 16pt;\">Modo de uso<\/span><\/strong><\/h3>\n<p>Use M\u00e1scara de Cabelo Aloe Vera uma ou duas vezes por semana. S\u00f3 uma por\u00e7\u00e3o do tamanho de uma noz \u00e9 suficiente para massagear um cabelo comprido at\u00e9 as pontas. Deixe atuar por 3 minutos para melhores resultados.<\/p>\n<p>&nbsp;<\/p>\n<h4><strong><span style=\"font-size: 16pt;\">Voc\u00ea sabia?<\/span><\/strong><\/h4>\n<p>O <a href=\"https:\/\/www.lraloeverashop.eu\/pt-pt\/produto\/aloe-vera-nutri-repair-champo\/\">Lr Champ\u00f4 Aloe Vera<\/a> limpa a camada mais externa dos cabelos, dissolvendo a sujeira, retirando os excessos de oleosidade e os res\u00edduos do produtos para pentear de uso di\u00e1rio. O cabelo sem sujeira e res\u00edduos pode absorver os nutrientes do shampoo com mais efici\u00eancia.<\/p>\n<p><strong>Estudos confirmam a pot\u00eancia do Cuidado Capilar\u00a0a partir desses testes:<\/strong><\/p>\n<p>\u2013 O cabelo fica macio e sedoso e \u00e9 tr\u00eas vezes mais f\u00e1cil de pentear e manipular*<br \/>\n&#8211; O cabelo obt\u00e9m mais for\u00e7a e suavidade natural, atingindo uma <a href=\"https:\/\/www.lraloeverashop.eu\/pt-pt\/lr-aloe-vera-nutri-repair-o-melhor-cuidado-para-cabelos-danificados\/\">redu\u00e7\u00e3o de cabelos quebrados<\/a> em 90%*<br \/>\n&#8211; 90 por cento dos participantes do estudo est\u00e3o encantados com a fragr\u00e2ncia refrescante do shampoo**<\/p>\n<p>*O uso di\u00e1rio do Lr Aloe Vera Nutri-Repair Shampoo, <a href=\"https:\/\/www.lraloeverashop.eu\/pt-pt\/produto\/aloe-vera-condicionador-nutri-repair\/\">Condicionador Nutri Repair<\/a> e M\u00e1scara de Cabelo melhora a resili\u00eancia e a elasticidade do cabelo para prevenir a quebra. Os resultados s\u00e3o mais promissores do que aqueles que usam apenas o shampoo. Isso foi baseado no estudo realizado em janeiro de 2018 pela proDERM.<\/p>\n<p>**Com base nos resultados de 40 participantes da pesquisa do <a href=\"https:\/\/www.dermatest.de\/en\/\">Dermatest<\/a> Institute em dezembro de 2017<\/p>\n","protected":false},"excerpt":{"rendered":"<ul>\n<li>Cabelo brilhante e sedoso da raiz \u00e0s pontas<\/li>\n<li>Os 7 \u00f3leos naturais do Complexo Reparador Nutri-Oil reparam e nutrem o seu cabelo<\/li>\n<li>Protege o cabelo da quebra, preenchendo \u00e1reas porosas com nutrientes<\/li>\n<li>Deixe por 3 minutos e depois enx\u00e1gue bem.<\/li>\n<li>Conte\u00fado: 200 ml<\/li>\n<\/ul>\n<p><span style=\"color: #ff0000;\"><a style=\"color: #ff0000;\" href=\"https:\/\/shop.lrworld.com\/openpao?PHP=0vFlt7jT938BEnBI3a6e9w%3D%3D\"><span style=\"font-size: 14pt;\"><strong>Registe-se aqui e poupe 35% em todos os pedidos<\/strong><\/span><\/a><\/span><\/p>\n","protected":false},"featured_media":4359,"comment_status":"open","ping_status":"closed","template":"","meta":{"_kad_blocks_custom_css":"","_kad_blocks_head_custom_js":"","_kad_blocks_body_custom_js":"","_kad_blocks_footer_custom_js":"","_kadence_starter_templates_imported_post":false,"_kad_post_transparent":"default","_kad_post_title":"","_kad_post_layout":"default","_kad_post_sidebar_id":"","_kad_post_content_style":"default","_kad_post_vertical_padding":"default","_kad_post_feature":"","_kad_post_feature_position":"","_kad_post_header":false,"_kad_post_footer":false,"_kad_post_classname":""},"product_brand":[],"product_cat":[215,245],"product_tag":[611,615],"class_list":{"0":"post-10689","1":"product","2":"type-product","3":"status-publish","4":"has-post-thumbnail","6":"product_cat-aloe-vera-pt-pt","7":"product_cat-cuidado-do-cabelo","8":"product_tag-cabelo-danificado","9":"product_tag-cabelo-seco","11":"first","12":"instock","13":"taxable","14":"shipping-taxable","15":"purchasable","16":"product-type-simple","17":"entry","18":"content-bg","19":"loop-entry"},"yoast_head":"<!-- This site is optimized with the Yoast SEO Premium plugin v27.4 (Yoast SEO v27.4) - https:\/\/yoast.com\/product\/yoast-seo-premium-wordpress\/ -->\n<title>M\u00e1scara de Cabelo Aloe Vera Para Cabelo Sedoso e Brilhante.<\/title>\n<meta name=\"description\" content=\"M\u00e1scara de Cabelo Aloe Vera repara e hidrata o cabelo do interior, gra\u00e7as ao Nutri Oil Repair, que cont\u00e9m 7 \u00f3leos naturais que oferecem um efeito sin\u00e9rgico.\" \/>\n<meta name=\"robots\" content=\"index, follow, max-snippet:-1, max-image-preview:large, max-video-preview:-1\" \/>\n<link rel=\"canonical\" href=\"https:\/\/www.lraloeverashop.eu\/pt-pt\/produto\/aloe-vera-mascara-nutri-repair\/\" \/>\n<meta property=\"og:locale\" content=\"pt_PT\" \/>\n<meta property=\"og:type\" content=\"article\" \/>\n<meta property=\"og:title\" content=\"M\u00e1scara de Cabelo Aloe Vera Nutri Repair\" \/>\n<meta property=\"og:description\" content=\"M\u00e1scara de Cabelo Aloe Vera repara e hidrata o cabelo do interior, gra\u00e7as ao Nutri Oil Repair, que cont\u00e9m 7 \u00f3leos naturais que oferecem um efeito sin\u00e9rgico.\" \/>\n<meta property=\"og:url\" content=\"https:\/\/www.lraloeverashop.eu\/pt-pt\/produto\/aloe-vera-mascara-nutri-repair\/\" \/>\n<meta property=\"og:site_name\" content=\"Lr Loja Aloe Vera\" \/>\n<meta property=\"article:publisher\" content=\"https:\/\/www.facebook.com\/lraloeverashop.eu\" \/>\n<meta property=\"article:modified_time\" content=\"2026-02-08T09:34:26+00:00\" \/>\n<meta property=\"og:image\" content=\"https:\/\/www.lraloeverashop.eu\/wp-content\/uploads\/2022\/10\/Long-Term-Protection-Hair-Mask.jpg\" \/>\n\t<meta property=\"og:image:width\" content=\"1200\" \/>\n\t<meta property=\"og:image:height\" content=\"1200\" \/>\n\t<meta property=\"og:image:type\" content=\"image\/jpeg\" \/>\n<meta name=\"twitter:card\" content=\"summary_large_image\" \/>\n<meta name=\"twitter:site\" content=\"@natur__kosmetik\" \/>\n<script type=\"application\/ld+json\" class=\"yoast-schema-graph\">{\"@context\":\"https:\\\/\\\/schema.org\",\"@graph\":[{\"@type\":[\"WebPage\",\"ItemPage\"],\"@id\":\"https:\\\/\\\/www.lraloeverashop.eu\\\/pt-pt\\\/produto\\\/aloe-vera-mascara-nutri-repair\\\/\",\"url\":\"https:\\\/\\\/www.lraloeverashop.eu\\\/pt-pt\\\/produto\\\/aloe-vera-mascara-nutri-repair\\\/\",\"name\":\"M\u00e1scara de Cabelo Aloe Vera Para Cabelo Sedoso e Brilhante.\",\"isPartOf\":{\"@id\":\"https:\\\/\\\/www.lraloeverashop.eu\\\/pt-pt\\\/#website\"},\"primaryImageOfPage\":{\"@id\":\"https:\\\/\\\/www.lraloeverashop.eu\\\/pt-pt\\\/produto\\\/aloe-vera-mascara-nutri-repair\\\/#primaryimage\"},\"image\":{\"@id\":\"https:\\\/\\\/www.lraloeverashop.eu\\\/pt-pt\\\/produto\\\/aloe-vera-mascara-nutri-repair\\\/#primaryimage\"},\"thumbnailUrl\":\"https:\\\/\\\/www.lraloeverashop.eu\\\/wp-content\\\/uploads\\\/2022\\\/10\\\/Long-Term-Protection-Hair-Mask.jpg\",\"datePublished\":\"2022-10-09T19:31:37+00:00\",\"dateModified\":\"2026-02-08T09:34:26+00:00\",\"description\":\"M\u00e1scara de Cabelo Aloe Vera repara e hidrata o cabelo do interior, gra\u00e7as ao Nutri Oil Repair, que cont\u00e9m 7 \u00f3leos naturais que oferecem um efeito sin\u00e9rgico.\",\"breadcrumb\":{\"@id\":\"https:\\\/\\\/www.lraloeverashop.eu\\\/pt-pt\\\/produto\\\/aloe-vera-mascara-nutri-repair\\\/#breadcrumb\"},\"inLanguage\":\"pt-PT\",\"potentialAction\":[{\"@type\":\"ReadAction\",\"target\":[\"https:\\\/\\\/www.lraloeverashop.eu\\\/pt-pt\\\/produto\\\/aloe-vera-mascara-nutri-repair\\\/\"]}]},{\"@type\":\"ImageObject\",\"inLanguage\":\"pt-PT\",\"@id\":\"https:\\\/\\\/www.lraloeverashop.eu\\\/pt-pt\\\/produto\\\/aloe-vera-mascara-nutri-repair\\\/#primaryimage\",\"url\":\"https:\\\/\\\/www.lraloeverashop.eu\\\/wp-content\\\/uploads\\\/2022\\\/10\\\/Long-Term-Protection-Hair-Mask.jpg\",\"contentUrl\":\"https:\\\/\\\/www.lraloeverashop.eu\\\/wp-content\\\/uploads\\\/2022\\\/10\\\/Long-Term-Protection-Hair-Mask.jpg\",\"width\":1200,\"height\":1200,\"caption\":\"Lr Aloe Vera M\u00e1scara Nutri Repair protege o cabelo da quebra, preenchendo \u00e1reas porosas com nutrientes\"},{\"@type\":\"BreadcrumbList\",\"@id\":\"https:\\\/\\\/www.lraloeverashop.eu\\\/pt-pt\\\/produto\\\/aloe-vera-mascara-nutri-repair\\\/#breadcrumb\",\"itemListElement\":[{\"@type\":\"ListItem\",\"position\":1,\"name\":\"Home\",\"item\":\"https:\\\/\\\/www.lraloeverashop.eu\\\/pt-pt\\\/\"},{\"@type\":\"ListItem\",\"position\":2,\"name\":\"Loja\",\"item\":\"https:\\\/\\\/www.lraloeverashop.eu\\\/pt-pt\\\/loja\\\/\"},{\"@type\":\"ListItem\",\"position\":3,\"name\":\"M\u00e1scara de Cabelo Aloe Vera Nutri Repair\"}]},{\"@type\":\"WebSite\",\"@id\":\"https:\\\/\\\/www.lraloeverashop.eu\\\/pt-pt\\\/#website\",\"url\":\"https:\\\/\\\/www.lraloeverashop.eu\\\/pt-pt\\\/\",\"name\":\"Lr Loja Aloe Vera\",\"description\":\"High Quality Lr Aloe Vera Gel, Aloe Vera Cream and Shampoo\",\"publisher\":{\"@id\":\"https:\\\/\\\/www.lraloeverashop.eu\\\/pt-pt\\\/#organization\"},\"alternateName\":\"LR\",\"potentialAction\":[{\"@type\":\"SearchAction\",\"target\":{\"@type\":\"EntryPoint\",\"urlTemplate\":\"https:\\\/\\\/www.lraloeverashop.eu\\\/pt-pt\\\/?s={search_term_string}\"},\"query-input\":{\"@type\":\"PropertyValueSpecification\",\"valueRequired\":true,\"valueName\":\"search_term_string\"}}],\"inLanguage\":\"pt-PT\"},{\"@type\":\"Organization\",\"@id\":\"https:\\\/\\\/www.lraloeverashop.eu\\\/pt-pt\\\/#organization\",\"name\":\"Loja Lr Aloe Vera\",\"alternateName\":\"LR\",\"url\":\"https:\\\/\\\/www.lraloeverashop.eu\\\/pt-pt\\\/\",\"logo\":{\"@type\":\"ImageObject\",\"inLanguage\":\"pt-PT\",\"@id\":\"https:\\\/\\\/www.lraloeverashop.eu\\\/pt-pt\\\/#\\\/schema\\\/logo\\\/image\\\/\",\"url\":\"https:\\\/\\\/www.lraloeverashop.eu\\\/wp-content\\\/uploads\\\/2022\\\/09\\\/cropped-Lr-Aloe-Vera-Shop.jpg\",\"contentUrl\":\"https:\\\/\\\/www.lraloeverashop.eu\\\/wp-content\\\/uploads\\\/2022\\\/09\\\/cropped-Lr-Aloe-Vera-Shop.jpg\",\"width\":228,\"height\":76,\"caption\":\"Loja Lr Aloe Vera\"},\"image\":{\"@id\":\"https:\\\/\\\/www.lraloeverashop.eu\\\/pt-pt\\\/#\\\/schema\\\/logo\\\/image\\\/\"},\"sameAs\":[\"https:\\\/\\\/www.facebook.com\\\/lraloeverashop.eu\",\"https:\\\/\\\/x.com\\\/natur__kosmetik\",\"https:\\\/\\\/www.youtube.com\\\/channel\\\/UC5oN7BJ8nfYb8RpVtjwDEBA\",\"https:\\\/\\\/www.instagram.com\\\/lrbeautyeu\\\/\"],\"description\":\"Loja Lr Aloe Vera \u00e9 o seu destino de confian\u00e7a para os produtos de sa\u00fade e beleza premium da LR, fabricados na Alemanha. Oferecemos solu\u00e7\u00f5es de alta qualidade para o cuidado da pele, nutri\u00e7\u00e3o e antienvelhecimento \u00e0 base de Alo\u00e9 Vera, elaboradas com ingredientes puros e apoiadas em investiga\u00e7\u00e3o cient\u00edfica. Descubra o cuidado natural que regenera, protege e revitaliza a sua pele \u2014 e aproveite as ofertas mensais exclusivas nos nossos produtos LR Alo\u00e9 Vera mais vendidos.\\nComece hoje mesmo a sua jornada de cuidados naturais com a pele e sinta a diferen\u00e7a.\",\"email\":\"info@lraloeverashop.eu\",\"telephone\":\"+49 17670609653\",\"legalName\":\"Lr Aloe Vera Shop\",\"foundingDate\":\"2018-04-21\",\"numberOfEmployees\":{\"@type\":\"QuantitativeValue\",\"minValue\":\"1\",\"maxValue\":\"10\"}}]}<\/script>\n<meta property=\"product:price:amount\" content=\"19.29\" \/>\n<meta property=\"product:price:currency\" content=\"EUR\" \/>\n<meta property=\"og:availability\" content=\"instock\" \/>\n<meta property=\"product:availability\" content=\"instock\" \/>\n<meta property=\"product:retailer_item_id\" content=\"20730-1PT\" \/>\n<meta property=\"product:condition\" content=\"new\" \/>\n<!-- \/ Yoast SEO Premium plugin. -->","yoast_head_json":{"title":"M\u00e1scara de Cabelo Aloe Vera Para Cabelo Sedoso e Brilhante.","description":"M\u00e1scara de Cabelo Aloe Vera repara e hidrata o cabelo do interior, gra\u00e7as ao Nutri Oil Repair, que cont\u00e9m 7 \u00f3leos naturais que oferecem um efeito sin\u00e9rgico.","robots":{"index":"index","follow":"follow","max-snippet":"max-snippet:-1","max-image-preview":"max-image-preview:large","max-video-preview":"max-video-preview:-1"},"canonical":"https:\/\/www.lraloeverashop.eu\/pt-pt\/produto\/aloe-vera-mascara-nutri-repair\/","og_locale":"pt_PT","og_type":"article","og_title":"M\u00e1scara de Cabelo Aloe Vera Nutri Repair","og_description":"M\u00e1scara de Cabelo Aloe Vera repara e hidrata o cabelo do interior, gra\u00e7as ao Nutri Oil Repair, que cont\u00e9m 7 \u00f3leos naturais que oferecem um efeito sin\u00e9rgico.","og_url":"https:\/\/www.lraloeverashop.eu\/pt-pt\/produto\/aloe-vera-mascara-nutri-repair\/","og_site_name":"Lr Loja Aloe Vera","article_publisher":"https:\/\/www.facebook.com\/lraloeverashop.eu","article_modified_time":"2026-02-08T09:34:26+00:00","og_image":[{"width":1200,"height":1200,"url":"https:\/\/www.lraloeverashop.eu\/wp-content\/uploads\/2022\/10\/Long-Term-Protection-Hair-Mask.jpg","type":"image\/jpeg"}],"twitter_card":"summary_large_image","twitter_site":"@natur__kosmetik","schema":{"@context":"https:\/\/schema.org","@graph":[{"@type":["WebPage","ItemPage"],"@id":"https:\/\/www.lraloeverashop.eu\/pt-pt\/produto\/aloe-vera-mascara-nutri-repair\/","url":"https:\/\/www.lraloeverashop.eu\/pt-pt\/produto\/aloe-vera-mascara-nutri-repair\/","name":"M\u00e1scara de Cabelo Aloe Vera Para Cabelo Sedoso e Brilhante.","isPartOf":{"@id":"https:\/\/www.lraloeverashop.eu\/pt-pt\/#website"},"primaryImageOfPage":{"@id":"https:\/\/www.lraloeverashop.eu\/pt-pt\/produto\/aloe-vera-mascara-nutri-repair\/#primaryimage"},"image":{"@id":"https:\/\/www.lraloeverashop.eu\/pt-pt\/produto\/aloe-vera-mascara-nutri-repair\/#primaryimage"},"thumbnailUrl":"https:\/\/www.lraloeverashop.eu\/wp-content\/uploads\/2022\/10\/Long-Term-Protection-Hair-Mask.jpg","datePublished":"2022-10-09T19:31:37+00:00","dateModified":"2026-02-08T09:34:26+00:00","description":"M\u00e1scara de Cabelo Aloe Vera repara e hidrata o cabelo do interior, gra\u00e7as ao Nutri Oil Repair, que cont\u00e9m 7 \u00f3leos naturais que oferecem um efeito sin\u00e9rgico.","breadcrumb":{"@id":"https:\/\/www.lraloeverashop.eu\/pt-pt\/produto\/aloe-vera-mascara-nutri-repair\/#breadcrumb"},"inLanguage":"pt-PT","potentialAction":[{"@type":"ReadAction","target":["https:\/\/www.lraloeverashop.eu\/pt-pt\/produto\/aloe-vera-mascara-nutri-repair\/"]}]},{"@type":"ImageObject","inLanguage":"pt-PT","@id":"https:\/\/www.lraloeverashop.eu\/pt-pt\/produto\/aloe-vera-mascara-nutri-repair\/#primaryimage","url":"https:\/\/www.lraloeverashop.eu\/wp-content\/uploads\/2022\/10\/Long-Term-Protection-Hair-Mask.jpg","contentUrl":"https:\/\/www.lraloeverashop.eu\/wp-content\/uploads\/2022\/10\/Long-Term-Protection-Hair-Mask.jpg","width":1200,"height":1200,"caption":"Lr Aloe Vera M\u00e1scara Nutri Repair protege o cabelo da quebra, preenchendo \u00e1reas porosas com nutrientes"},{"@type":"BreadcrumbList","@id":"https:\/\/www.lraloeverashop.eu\/pt-pt\/produto\/aloe-vera-mascara-nutri-repair\/#breadcrumb","itemListElement":[{"@type":"ListItem","position":1,"name":"Home","item":"https:\/\/www.lraloeverashop.eu\/pt-pt\/"},{"@type":"ListItem","position":2,"name":"Loja","item":"https:\/\/www.lraloeverashop.eu\/pt-pt\/loja\/"},{"@type":"ListItem","position":3,"name":"M\u00e1scara de Cabelo Aloe Vera Nutri Repair"}]},{"@type":"WebSite","@id":"https:\/\/www.lraloeverashop.eu\/pt-pt\/#website","url":"https:\/\/www.lraloeverashop.eu\/pt-pt\/","name":"Lr Loja Aloe Vera","description":"High Quality Lr Aloe Vera Gel, Aloe Vera Cream and Shampoo","publisher":{"@id":"https:\/\/www.lraloeverashop.eu\/pt-pt\/#organization"},"alternateName":"LR","potentialAction":[{"@type":"SearchAction","target":{"@type":"EntryPoint","urlTemplate":"https:\/\/www.lraloeverashop.eu\/pt-pt\/?s={search_term_string}"},"query-input":{"@type":"PropertyValueSpecification","valueRequired":true,"valueName":"search_term_string"}}],"inLanguage":"pt-PT"},{"@type":"Organization","@id":"https:\/\/www.lraloeverashop.eu\/pt-pt\/#organization","name":"Loja Lr Aloe Vera","alternateName":"LR","url":"https:\/\/www.lraloeverashop.eu\/pt-pt\/","logo":{"@type":"ImageObject","inLanguage":"pt-PT","@id":"https:\/\/www.lraloeverashop.eu\/pt-pt\/#\/schema\/logo\/image\/","url":"https:\/\/www.lraloeverashop.eu\/wp-content\/uploads\/2022\/09\/cropped-Lr-Aloe-Vera-Shop.jpg","contentUrl":"https:\/\/www.lraloeverashop.eu\/wp-content\/uploads\/2022\/09\/cropped-Lr-Aloe-Vera-Shop.jpg","width":228,"height":76,"caption":"Loja Lr Aloe Vera"},"image":{"@id":"https:\/\/www.lraloeverashop.eu\/pt-pt\/#\/schema\/logo\/image\/"},"sameAs":["https:\/\/www.facebook.com\/lraloeverashop.eu","https:\/\/x.com\/natur__kosmetik","https:\/\/www.youtube.com\/channel\/UC5oN7BJ8nfYb8RpVtjwDEBA","https:\/\/www.instagram.com\/lrbeautyeu\/"],"description":"Loja Lr Aloe Vera \u00e9 o seu destino de confian\u00e7a para os produtos de sa\u00fade e beleza premium da LR, fabricados na Alemanha. Oferecemos solu\u00e7\u00f5es de alta qualidade para o cuidado da pele, nutri\u00e7\u00e3o e antienvelhecimento \u00e0 base de Alo\u00e9 Vera, elaboradas com ingredientes puros e apoiadas em investiga\u00e7\u00e3o cient\u00edfica. Descubra o cuidado natural que regenera, protege e revitaliza a sua pele \u2014 e aproveite as ofertas mensais exclusivas nos nossos produtos LR Alo\u00e9 Vera mais vendidos.\nComece hoje mesmo a sua jornada de cuidados naturais com a pele e sinta a diferen\u00e7a.","email":"info@lraloeverashop.eu","telephone":"+49 17670609653","legalName":"Lr Aloe Vera Shop","foundingDate":"2018-04-21","numberOfEmployees":{"@type":"QuantitativeValue","minValue":"1","maxValue":"10"}}]},"product_price_amount":"19.29","product_price_currency":"EUR","og_availability":"instock","product_availability":"instock","product_retailer_item_id":"20730-1PT","product_condition":"new"},"taxonomy_info":{"product_cat":[{"value":215,"label":"Aloe Vera"},{"value":245,"label":"Cuidado Capilar"}],"product_tag":[{"value":611,"label":"Cabelo danificado"},{"value":615,"label":"Cabelo seco"}]},"featured_image_src_large":["https:\/\/www.lraloeverashop.eu\/wp-content\/uploads\/2022\/10\/Long-Term-Protection-Hair-Mask-1024x1024.jpg",1024,1024,true],"author_info":[],"comment_info":0,"_links":{"self":[{"href":"https:\/\/www.lraloeverashop.eu\/pt-pt\/wp-json\/wp\/v2\/product\/10689","targetHints":{"allow":["GET"]}}],"collection":[{"href":"https:\/\/www.lraloeverashop.eu\/pt-pt\/wp-json\/wp\/v2\/product"}],"about":[{"href":"https:\/\/www.lraloeverashop.eu\/pt-pt\/wp-json\/wp\/v2\/types\/product"}],"replies":[{"embeddable":true,"href":"https:\/\/www.lraloeverashop.eu\/pt-pt\/wp-json\/wp\/v2\/comments?post=10689"}],"wp:featuredmedia":[{"embeddable":true,"href":"https:\/\/www.lraloeverashop.eu\/pt-pt\/wp-json\/wp\/v2\/media\/4359"}],"wp:attachment":[{"href":"https:\/\/www.lraloeverashop.eu\/pt-pt\/wp-json\/wp\/v2\/media?parent=10689"}],"wp:term":[{"taxonomy":"product_brand","embeddable":true,"href":"https:\/\/www.lraloeverashop.eu\/pt-pt\/wp-json\/wp\/v2\/product_brand?post=10689"},{"taxonomy":"product_cat","embeddable":true,"href":"https:\/\/www.lraloeverashop.eu\/pt-pt\/wp-json\/wp\/v2\/product_cat?post=10689"},{"taxonomy":"product_tag","embeddable":true,"href":"https:\/\/www.lraloeverashop.eu\/pt-pt\/wp-json\/wp\/v2\/product_tag?post=10689"}],"curies":[{"name":"wp","href":"https:\/\/api.w.org\/{rel}","templated":true}]}}