{"id":27676,"date":"2022-09-21T10:12:59","date_gmt":"2022-09-21T08:12:59","guid":{"rendered":"https:\/\/www.lraloeverashop.eu\/polityka-prywatnosci-sklep-lr-aloe-vera\/"},"modified":"2026-04-26T08:01:14","modified_gmt":"2026-04-26T06:01:14","slug":"polityka-prywatnosci-sklep-lr-aloe-vera","status":"publish","type":"page","link":"https:\/\/www.lraloeverashop.eu\/pl\/polityka-prywatnosci-sklep-lr-aloe-vera\/","title":{"rendered":"Polityka prywatno\u015bci Sklep Lr Aloe Vera"},"content":{"rendered":"\n<h2 class=\"wp-block-heading\" id=\"h-deklaracja-ochrony-danych-osobowych\"><strong>Deklaracja Ochrony Danych Osobowych<\/strong><\/h2>\n\n\n\n<p><\/p>\n\n\n\n<h2 class=\"wp-block-heading has-medium-font-size\" id=\"h-1-informacje-dotyczace-zbierania-danych-osobowych-oraz-dane-kontaktowe-administratora\"><strong>1) Informacje dotycz\u0105ce zbierania danych osobowych oraz dane kontaktowe administratora<\/strong><\/h2>\n\n\n\n<p><strong>1.1<\/strong> Cieszymy si\u0119, \u017ce odwiedzasz nasz\u0105 stron\u0119 internetow\u0105 i dzi\u0119kujemy za zainteresowanie. Poni\u017cej wyja\u015bniamy, jak przetwarzamy Twoje dane osobowe podczas korzystania z naszej strony. Dane osobowe to wszystkie informacje, kt\u00f3re mog\u0105 pozwoli\u0107 na Twoj\u0105 identyfikacj\u0119.<\/p>\n\n\n\n<p><strong>1.2<\/strong> Administratorem przetwarzaj\u0105cym dane na tej stronie, zgodnie z Rozporz\u0105dzeniem Og\u00f3lnym o Ochronie Danych Osobowych (RODO), jest Stanislav Rurik, Schillerstr. 8, 70771 Leinfelden-Echterdingen, Niemcy, tel.: +49 176 70609653, e-mail: <a href=\"mailto:info@lraloeverashop.eu\">info@lraloeverashop.eu<\/a>. Administratorem danych jest osoba fizyczna lub prawna, kt\u00f3ra samodzielnie lub wsp\u00f3lnie z innymi decyduje o celach i sposobach przetwarzania danych osobowych.<\/p>\n\n\n\n<h2 class=\"wp-block-heading has-medium-font-size\" id=\"h-2-zbieranie-danych-podczas-odwiedzania-naszej-strony\"><strong>2) Zbieranie danych podczas odwiedzania naszej strony<\/strong><\/h2>\n\n\n\n<p><strong>2.1<\/strong> Podczas korzystania z <strong><a href=\"https:\/\/www.lraloeverashop.eu\/pl\/regulamin\/\" type=\"link\" id=\"https:\/\/www.lraloeverashop.eu\/pl\/regulamin\/\">naszej strony<\/a><\/strong> wy\u0142\u0105cznie w celach informacyjnych, czyli gdy nie rejestrujesz si\u0119 ani nie przekazujesz nam innych informacji, zbieramy jedynie dane, kt\u00f3re przegl\u0105darka przesy\u0142a na nasz serwer (tzw. \u201epliki log\u00f3w serwera\u201d). Podczas odwiedzin zbieramy nast\u0119puj\u0105ce informacje niezb\u0119dne do wy\u015bwietlenia strony:<\/p>\n\n\n\n<ul class=\"wp-block-list\">\n<li>Adres odwiedzonej strony<\/li>\n\n\n\n<li>Data i godzina dost\u0119pu<\/li>\n\n\n\n<li>Wielko\u015b\u0107 przes\u0142anych danych w bajtach<\/li>\n\n\n\n<li>\u0179r\u00f3d\u0142o\/odno\u015bnik, z kt\u00f3rego wszed\u0142e\u015b na stron\u0119<\/li>\n\n\n\n<li>U\u017cywana przegl\u0105darka<\/li>\n\n\n\n<li>U\u017cywany system operacyjny<\/li>\n\n\n\n<li>U\u017cywany adres IP (ewentualnie w formie zanonimizowanej)<\/li>\n<\/ul>\n\n\n\n<p>Przetwarzanie odbywa si\u0119 zgodnie z art. 6 ust. 1 lit. f RODO na podstawie naszego prawnie uzasadnionego interesu, jakim jest poprawa stabilno\u015bci i funkcjonalno\u015bci strony. Dane nie s\u0105 przekazywane dalej ani wykorzystywane w inny spos\u00f3b. Zastrzegamy sobie jednak prawo do p\u00f3\u017aniejszego sprawdzenia plik\u00f3w log\u00f3w serwera, je\u015bli pojawi\u0105 si\u0119 konkretne podejrzenia naruszenia prawa.<\/p>\n\n\n\n<p><strong>2.2<\/strong> Strona korzysta z szyfrowania SSL lub TLS w celu zabezpieczenia transmisji danych osobowych oraz poufnych tre\u015bci (np. zam\u00f3wie\u0144 lub zapyta\u0144 do administratora). Mo\u017cesz to rozpozna\u0107 po ci\u0105gu znak\u00f3w \u201ehttps:\/\/\u201d i symbolu k\u0142\u00f3dki w pasku przegl\u0105darki.<\/p>\n\n\n\n<h2 class=\"wp-block-heading has-medium-font-size\" id=\"h-3-hosting-i-siec-dystrybucji-tresci-cdn\"><strong>3) Hosting i sie\u0107 dystrybucji tre\u015bci (CDN)<\/strong><\/h2>\n\n\n\n<p><strong>3.1<\/strong> Do hostingu strony i prezentacji tre\u015bci korzystamy z us\u0142ug dostawcy, kt\u00f3ry \u015bwiadczy us\u0142ugi samodzielnie lub przy pomocy wybranych podwykonawc\u00f3w, wy\u0142\u0105cznie na serwerach w Unii Europejskiej.<\/p>\n\n\n\n<p>Wszystkie dane zbierane na naszej stronie s\u0105 przetwarzane na tych serwerach.<\/p>\n\n\n\n<p>Z dostawc\u0105 podpisali\u015bmy umow\u0119 o powierzeniu przetwarzania danych, kt\u00f3ra gwarantuje ochron\u0119 danych odwiedzaj\u0105cych nasz\u0105 stron\u0119 i zakazuje nieautoryzowanego przekazywania ich osobom trzecim.<\/p>\n\n\n\n<p><strong>3.2<\/strong> <strong>NitroPack<\/strong> &#8211; Korzystamy z sieci dystrybucji tre\u015bci oferowanej przez: NitroPack LLC, Studentski Kompleks, Sofia, kod 1756, Bu\u0142garia.<\/p>\n\n\n\n<p>Ta us\u0142uga pozwala szybciej dostarcza\u0107 du\u017ce pliki multimedialne, takie jak grafiki, tre\u015bci stron czy skrypty, przez sie\u0107 regionalnych serwer\u00f3w. Przetwarzanie odbywa si\u0119 w celu ochrony naszego prawnie uzasadnionego interesu, jakim jest poprawa stabilno\u015bci i funkcjonalno\u015bci strony, zgodnie z art. 6 ust. 1 lit. f RODO. Z dostawc\u0105 podpisali\u015bmy umow\u0119, kt\u00f3ra zapewnia ochron\u0119 danych odwiedzaj\u0105cych i zakazuje nieautoryzowanego przekazywania ich osobom trzecim.<\/p>\n\n\n\n<h2 class=\"wp-block-heading has-medium-font-size\" id=\"h-4-pliki-cookies\"><strong>4) Pliki Cookies<\/strong><\/h2>\n\n\n\n<p>Aby uatrakcyjni\u0107 korzystanie ze strony i umo\u017cliwi\u0107 korzystanie z niekt\u00f3rych funkcji, u\u017cywamy cookies \u2013 niewielkich plik\u00f3w tekstowych zapisywanych na Twoim urz\u0105dzeniu. Niekt\u00f3re cookies usuwane s\u0105 automatycznie po zamkni\u0119ciu przegl\u0105darki (tzw. \u201ecookies sesyjne\u201d), inne pozostaj\u0105 na urz\u0105dzeniu, umo\u017cliwiaj\u0105c <strong><a href=\"https:\/\/www.lraloeverashop.eu\/pl\/\" type=\"link\" id=\"https:\/\/www.lraloeverashop.eu\/pl\/\">zachowanie ustawie\u0144 strony<\/a><\/strong> (tzw. \u201ecookies trwa\u0142e\u201d). Czas ich przechowywania znajdziesz w ustawieniach cookies swojej przegl\u0105darki.<\/p>\n\n\n\n<p>Je\u015bli za pomoc\u0105 cookies przetwarzane s\u0105 dane osobowe, odbywa si\u0119 to zgodnie z art. 6 ust. 1 lit. b RODO (realizacja umowy), art. 6 ust. 1 lit. a RODO (zgoda) lub art. 6 ust. 1 lit. f RODO (nasz prawnie uzasadniony interes w zapewnieniu funkcjonalno\u015bci strony i wygody u\u017cytkownika).<\/p>\n\n\n\n<p>Mo\u017cesz ustawi\u0107 przegl\u0105dark\u0119 tak, by informowa\u0142a Ci\u0119 o ustawianiu cookies, pozwala\u0142a akceptowa\u0107 je indywidualnie, wykluczy\u0107 ich akceptacj\u0119 w okre\u015blonych przypadkach lub ca\u0142kowicie.<\/p>\n\n\n\n<p>Brak akceptacji cookies mo\u017ce ograniczy\u0107 funkcje strony.<\/p>\n\n\n\n<h2 class=\"wp-block-heading has-medium-font-size\" id=\"h-5-kontakt-z-nami\"><strong>5) Kontakt z nami<\/strong><\/h2>\n\n\n\n<p>Podczas kontaktu z nami (np. przez formularz czy e-mail) zbierane s\u0105 dane osobowe. Jakie dane s\u0105 zbierane, wynika z konkretnego formularza kontaktowego. Dane s\u0105 przechowywane i u\u017cywane wy\u0142\u0105cznie w celu odpowiedzi na Twoje zapytanie oraz obs\u0142ugi technicznej.<br>Podstaw\u0105 przetwarzania danych jest nasz uzasadniony interes w udzieleniu odpowiedzi na zapytanie (art. 6 ust. 1 lit. f RODO). Je\u015bli kontakt prowadzi do zawarcia umowy, dodatkow\u0105 podstaw\u0105 prawn\u0105 jest art. 6 ust. 1 lit. b RODO. Dane s\u0105 usuwane po ostatecznej odpowiedzi, gdy wynika z okoliczno\u015bci, \u017ce sprawa zosta\u0142a wyja\u015bniona i nie zachodz\u0105 prawne obowi\u0105zki przechowywania.<\/p>\n\n\n\n<h2 class=\"wp-block-heading has-medium-font-size\" id=\"h-6-przetwarzanie-danych-przy-zakladaniu-konta-klienta-i-realizacji-umow\"><strong>6) Przetwarzanie danych przy zak\u0142adaniu konta klienta i realizacji um\u00f3w<\/strong><\/h2>\n\n\n\n<p>Na podstawie art. 6 ust. 1 lit. b RODO, dane osobowe s\u0105 zbierane i przetwarzane w niezb\u0119dnym zakresie, je\u015bli przekazujesz je podczas zak\u0142adania konta klienta. Wymagane dane znajdziesz w formularzu na stronie. Usuni\u0119cie konta jest mo\u017cliwe w ka\u017cdej chwili \u2013 wystarczy wys\u0142a\u0107 wiadomo\u015b\u0107 na adres administratora. Po usuni\u0119ciu konta dane s\u0105 usuwane, je\u015bli realizacja wszystkich um\u00f3w zosta\u0142a zako\u0144czona, nie obowi\u0105zuj\u0105 ju\u017c terminy przechowywania wynikaj\u0105ce z przepis\u00f3w prawa i nie istnieje nasz prawnie uzasadniony interes w dalszym przechowywaniu danych.<\/p>\n\n\n\n<h2 class=\"wp-block-heading has-medium-font-size\" id=\"h-7-funkcja-komentowania\"><strong>7) Funkcja komentowania<\/strong><\/h2>\n\n\n\n<p>W ramach funkcji komentowania na stronie, opr\u00f3cz tre\u015bci komentarza, przechowywane i publikowane s\u0105 r\u00f3wnie\u017c data dodania oraz nazwa podana przez komentuj\u0105cego. Logowany i przechowywany jest tak\u017ce adres IP. Adres IP jest przechowywany ze wzgl\u0119d\u00f3w bezpiecze\u0144stwa na wypadek naruszenia praw os\u00f3b trzecich lub zamieszczenia tre\u015bci niezgodnych z prawem. E-mail jest nam potrzebny, aby m\u00f3c si\u0119 z Tob\u0105 skontaktowa\u0107 w przypadku zg\u0142oszenia niezgodno\u015bci opublikowanej tre\u015bci. Podstaw\u0105 przechowywania danych jest art. 6 ust. 1 lit. b i f RODO. Zastrzegamy sobie prawo do usuwania komentarzy uznanych przez osoby trzecie za nielegalne.<\/p>\n\n\n\n<h2 class=\"wp-block-heading has-medium-font-size\" id=\"h-8-wykorzystanie-danych-klientow-do-bezposredniej-reklamy\"><strong>8) Wykorzystanie danych klient\u00f3w do bezpo\u015bredniej reklamy<\/strong><\/h2>\n\n\n\n<p><strong>MailerLite<\/strong> &#8211; Nasze newslettery wysy\u0142amy przez: MailerLite, J. Basanavi\u010diaus 15, LT-03108 Wilno, Litwa.<\/p>\n\n\n\n<p>Na podstawie naszego uzasadnionego interesu w skutecznym i przyjaznym dla u\u017cytkownika marketingu newsletter\u00f3w, przekazujemy dane podane przy rejestracji do newslettera temu dostawcy zgodnie z art. 6 ust. 1 lit. f RODO, by ten m\u00f3g\u0142 wys\u0142a\u0107 newsletter w naszym imieniu.<\/p>\n\n\n\n<p>Za Twoj\u0105 wyra\u017an\u0105 zgod\u0105, na podstawie art. 6 ust. 1 lit. a RODO, dostawca przeprowadza tak\u017ce statystyczn\u0105 analiz\u0119 skuteczno\u015bci kampanii newsletterowych za pomoc\u0105 tzw. web beacon\u00f3w lub pikseli \u015bledz\u0105cych w wiadomo\u015bciach e-mail, mierz\u0105c otwarcia i interakcje z tre\u015bci\u0105. Pobierane s\u0105 przy tym informacje o urz\u0105dzeniu ko\u0144cowym (np. czas wy\u015bwietlenia strony, adres IP, typ przegl\u0105darki, system operacyjny), ale nie s\u0105 one \u0142\u0105czone z innymi danymi.<br><br>Mo\u017cesz w ka\u017cdej chwili cofn\u0105\u0107 zgod\u0119 na \u015bledzenie newsletter\u00f3w ze skutkiem na przysz\u0142o\u015b\u0107.<\/p>\n\n\n\n<p>Z dostawc\u0105 podpisali\u015bmy umow\u0119 powierzenia przetwarzania danych, kt\u00f3ra zabezpiecza dane odwiedzaj\u0105cych stron\u0119 i zakazuje przekazywania ich osobom trzecim.<\/p>\n\n\n\n<h2 class=\"wp-block-heading has-medium-font-size\" id=\"h-9-przetwarzanie-danych-w-celu-realizacji-zamowienia\"><strong>9) Przetwarzanie danych w celu realizacji zam\u00f3wienia<\/strong><\/h2>\n\n\n\n<p><strong>9.1<\/strong> W zakresie niezb\u0119dnym do realizacji umowy dostawy i p\u0142atno\u015bci, przekazujemy dane osobowe firmie transportowej i instytucji kredytowej zgodnie z art. 6 ust. 1 lit. b RODO.<\/p>\n\n\n\n<p>Je\u015bli mamy obowi\u0105zek dostarcza\u0107 aktualizacje dla towar\u00f3w z elementami cyfrowymi lub produkt\u00f3w cyfrowych na podstawie odpowiedniej umowy, przetwarzamy Twoje dane kontaktowe (imi\u0119, nazwisko, adres, e-mail) podane przy zam\u00f3wieniu, aby odpowiednio poinformowa\u0107 Ci\u0119 o nadchodz\u0105cych aktualizacjach, zgodnie z obowi\u0105zkiem prawnym (art. 6 ust. 1 lit. c RODO). Dane b\u0119d\u0105 wykorzystane wy\u0142\u0105cznie w tym celu, w zakresie niezb\u0119dnym do przekazania wymaganych informacji.<\/p>\n\n\n\n<p>Do realizacji zam\u00f3wienia wsp\u00f3\u0142pracujemy tak\u017ce z innymi us\u0142ugodawcami, kt\u00f3rzy wspieraj\u0105 nas w realizacji zam\u00f3wie\u0144 w ca\u0142o\u015bci lub cz\u0119\u015bci. Dane przekazujemy tym dostawcom zgodnie z poni\u017cszymi zasadami.<\/p>\n\n\n\n<p><strong>9.2<\/strong> Przekazywanie danych osobowych firmom kurierskim<\/p>\n\n\n\n<p>&#8211; Poczta Niemiecka<br>Jako przewo\u017anika u\u017cywamy: Deutsche Post AG, Charles-de-Gaulle-Stra\u00dfe 20, 53113 Bonn, Niemcy.<br><br>Przekazujemy Tw\u00f3j adres e-mail i\/lub numer telefonu tej firmie zgodnie z art. 6 ust. 1 lit. a RODO, przed dostaw\u0105 towaru w celu uzgodnienia terminu dostawy lub powiadomienia o niej, je\u015bli wyrazi\u0142e\u015b na to zgod\u0119 w trakcie sk\u0142adania zam\u00f3wienia. W pozosta\u0142ych przypadkach przekazujemy tylko imi\u0119 i nazwisko oraz adres odbiorcy zgodnie z art. 6 ust. 1 lit. b RODO, wy\u0142\u0105cznie w celu dostawy zam\u00f3wienia. Przekazanie danych odbywa si\u0119 tylko w zakresie koniecznym do dostawy. W przypadku braku zgody, uzgodnienie terminu dostawy lub powiadomienie nie s\u0105 mo\u017cliwe.<br><br>Zgod\u0119 mo\u017cna cofn\u0105\u0107 w dowolnym momencie ze skutkiem na przysz\u0142o\u015b\u0107, kontaktuj\u0105c si\u0119 z wy\u017cej wymienion\u0105 osob\u0105 odpowiedzialn\u0105 lub bezpo\u015brednio z dostawc\u0105.<\/p>\n\n\n\n<p>\u2013 DHL<br><br>Jako przewo\u017anika u\u017cywamy: Deutsche Post AG, Charles-de-Gaulle-Stra\u00dfe 20, 53113 Bonn, Niemcy.<br><br>Przekazujemy Tw\u00f3j adres e-mail i\/lub numer telefonu tej firmie zgodnie z art. 6 ust. 1 lit. a RODO, przed dostaw\u0105 towaru w celu uzgodnienia terminu dostawy lub powiadomienia o niej, je\u015bli wyrazi\u0142e\u015b na to zgod\u0119 w trakcie sk\u0142adania zam\u00f3wienia. W pozosta\u0142ych przypadkach przekazujemy tylko imi\u0119 i nazwisko oraz adres odbiorcy zgodnie z art. 6 ust. 1 lit. b RODO, wy\u0142\u0105cznie w celu dostawy zam\u00f3wienia. Przekazanie danych odbywa si\u0119 tylko w zakresie koniecznym do dostawy. W przypadku braku zgody, uzgodnienie terminu dostawy lub powiadomienie nie s\u0105 mo\u017cliwe.<br><br>Zgod\u0119 mo\u017cna cofn\u0105\u0107 w dowolnym momencie ze skutkiem na przysz\u0142o\u015b\u0107, kontaktuj\u0105c si\u0119 z wy\u017cej wymienion\u0105 osob\u0105 odpowiedzialn\u0105 lub bezpo\u015brednio z dostawc\u0105.<\/p>\n\n\n\n<p><strong>9.3<\/strong> Korzystanie z us\u0142ug p\u0142atniczych<\/p>\n\n\n\n<p>Klarna<\/p>\n\n\n\n<p>Na stronie dost\u0119pne s\u0105 p\u0142atno\u015bci online za po\u015brednictwem: Klarna Bank AB, Sveav\u00e4gen 46, 111 34 Sztokholm, Szwecja<\/p>\n\n\n\n<p>W przypadku wyboru metody p\u0142atno\u015bci wymagaj\u0105cej przedp\u0142aty (np. p\u0142atno\u015b\u0107 kart\u0105), przekazujemy dane p\u0142atno\u015bci podane w trakcie zam\u00f3wienia (w tym imi\u0119, nazwisko, adres, dane bankowe i karty, walut\u0119 i numer transakcji) oraz dane dotycz\u0105ce zam\u00f3wienia do Klarna zgodnie z art. 6 ust. 1 lit. b RODO, wy\u0142\u0105cznie w celu realizacji p\u0142atno\u015bci.<\/p>\n\n\n\n<p>Przy wyborze opcji p\u0142atno\u015bci, przy kt\u00f3rej Klarna oferuje odroczon\u0105 p\u0142atno\u015b\u0107 (np. zakup na raty lub za pobraniem), w trakcie zam\u00f3wienia poprosimy tak\u017ce o podanie danych osobowych (imi\u0119 i nazwisko, adres, data urodzenia, e-mail, numer telefonu, ewentualnie dane innych sposob\u00f3w p\u0142atno\u015bci).<\/p>\n\n\n\n<p>W celu ochrony naszego uzasadnionego interesu w ocenie zdolno\u015bci kredytowej klient\u00f3w, przekazujemy te dane do Klarna w celu przeprowadzenia analizy kredytowej zgodnie z art. 6 ust. 1 lit. f RODO. Na podstawie podanych przez Ciebie danych i innych informacji (np. zawarto\u015b\u0107 koszyka, historia zam\u00f3wie\u0144, historia p\u0142atno\u015bci), Klarna ocenia, czy wybrana forma p\u0142atno\u015bci mo\u017ce zosta\u0107 przyznana pod k\u0105tem ryzyka p\u0142atno\u015bci i zad\u0142u\u017cenia.<\/p>\n\n\n\n<p>W ramach oceny, opr\u00f3cz wewn\u0119trznych kryteri\u00f3w Klarna, mog\u0105 by\u0107 brane pod uwag\u0119 informacje zewn\u0119trznych biur informacji gospodarczej (pe\u0142na lista agencji dost\u0119pna tutaj: <\/p>\n\n\n\n<p><a href=\"https:\/\/cdn.klarna.com\/1.0\/shared\/content\/legal\/terms\/0\/pl_pl\/credit_rating_agencies\">https:\/\/cdn.klarna.com\/1.0\/shared\/content\/legal\/terms\/0\/pl_pl\/credit_rating_agencies<\/a><\/p>\n\n\n\n<p>Raport kredytowy mo\u017ce zawiera\u0107 tzw. warto\u015bci punktowe (scoring), obliczane wed\u0142ug uznanych metod matematyczno-statystycznych. Do kalkulacji mog\u0105 by\u0107 wykorzystane tak\u017ce dane adresowe.<\/p>\n\n\n\n<p>W ka\u017cdej chwili mo\u017cesz zg\u0142osi\u0107 sprzeciw wobec tego przetwarzania danych, wysy\u0142aj\u0105c wiadomo\u015b\u0107 do nas lub Klarna. Jednak Klarna mo\u017ce mie\u0107 prawo do dalszego przetwarzania danych, je\u015bli jest to niezb\u0119dne do realizacji p\u0142atno\u015bci.<\/p>\n\n\n\n<p>Paypal Checkout<\/p>\n\n\n\n<p>Strona korzysta z systemu PayPal Checkout, obejmuj\u0105cego w\u0142asne metody p\u0142atno\u015bci PayPal oraz lokalne metody p\u0142atno\u015bci innych dostawc\u00f3w.<\/p>\n\n\n\n<p>Podczas p\u0142acenia przez PayPal, kart\u0105 przez PayPal, poleceniem zap\u0142aty przez PayPal lub (je\u015bli dost\u0119pne) \u201ePay Later\u201d przez PayPal, przekazujemy Twoje dane do p\u0142atno\u015bci PayPal (Europe) S.a.r.l. et Cie, S.C.A., 22-24 Boulevard Royal, L-2449 Luksemburg (\u201ePayPal\u201d) w celu realizacji p\u0142atno\u015bci, zgodnie z art. 6 ust. 1 lit. b RODO.<\/p>\n\n\n\n<p>Przy p\u0142atno\u015bci kart\u0105, poleceniem zap\u0142aty lub \u201ePay Later\u201d przez PayPal, PayPal zastrzega sobie prawo do przeprowadzenia oceny zdolno\u015bci kredytowej. W tym celu dane p\u0142atnicze mog\u0105 by\u0107 przekazywane do biur informacji gospodarczej, na podstawie uzasadnionego interesu PayPal w ustaleniu zdolno\u015bci p\u0142atniczej (art. 6 ust. 1 lit. f RODO). Wynik analizy (scoring) mo\u017ce decydowa\u0107 o dost\u0119pno\u015bci danej metody p\u0142atno\u015bci. Szczeg\u00f3\u0142owe informacje mo\u017cna uzyska\u0107 w polityce prywatno\u015bci PayPal. Warto\u015bci scoringowe s\u0105 obliczane wed\u0142ug uznanych metod matematyczno-statystycznych i mog\u0105 zawiera\u0107 dane adresowe. W ka\u017cdej chwili mo\u017cesz zg\u0142osi\u0107 sprzeciw wobec przetwarzania danych przez PayPal, jednak PayPal mo\u017ce nadal je przetwarza\u0107, je\u015bli jest to konieczne do obs\u0142ugi p\u0142atno\u015bci.<\/p>\n\n\n\n<p>Je\u015bli wybierzesz metod\u0119 \u201ezakup na faktur\u0119\u201d PayPal, dane p\u0142atnicze najpierw trafiaj\u0105 do PayPal, a potem do Ratepay GmbH, Franklinstra\u00dfe 28-29, 10587 Berlin (\u201eRatepay\u201d) w celu realizacji p\u0142atno\u015bci. Podstaw\u0105 prawn\u0105 jest art. 6 ust. 1 lit. b RODO. RatePay samodzielnie przeprowadza ocen\u0119 kredytow\u0105 zgodnie ze wskazanymi wy\u017cej zasadami i przekazuje dane do biur informacji gospodarczej na podstawie uzasadnionego interesu (art. 6 ust. 1 lit. f RODO). Lista biur dost\u0119pna jest tutaj: <a href=\"https:\/\/www.ratepay.com\/legal-payment-creditagencies\/\" target=\"_blank\" rel=\"nofollow noopener\">https:\/\/www.ratepay.com\/legal-payment-creditagencies\/<\/a><\/p>\n\n\n\n<p>W przypadku korzystania z metody p\u0142atno\u015bci lokalnego dostawcy zewn\u0119trznego Twoje dane p\u0142atnicze zostan\u0105 najpierw przekazane do PayPal w celu przygotowania p\u0142atno\u015bci zgodnie z art. 6 (1) lit. b RODO. W zale\u017cno\u015bci od wyboru dost\u0119pnej lokalnej metody p\u0142atno\u015bci, PayPal przeka\u017ce nast\u0119pnie Twoje dane p\u0142atnicze odpowiedniemu dostawcy w celu realizacji p\u0142atno\u015bci zgodnie z art. 6 ust. 1 lit. b RODO:<\/p>\n\n\n\n<p>&#8211; Apple Pay (Apple Distribution International, Hollyhill Industrial Estate, Cork, Irlandia)<br>&#8211; Google Pay (Google Ireland Limited, Gordon House, 4 Barrow St, Dublin, D04 E5W5, Irlandia)<br>&#8211; Sofort (SOFORT GmbH, Theresienh\u00f6he 12, 80339 Monachium, Niemcy)<br>&#8211; iDeal (Currence Holding BV, Beethovenstraat 300, Amsterdam, Holandia)<br>&#8211; bancontact (Bancontact Payconiq Company, Rue d&#8217;Arlon 82, 1040 Bruksela, Belgia)<br>&#8211; blik (Polski Standard P\u0142atno\u015bci sp. z o.o., ul. Czerniakowska 87A, 00-718 Warszawa, Polska)<br>&#8211; eps (PSA Payment Services Austria GmbH, Handelskai 92, Gate 2, 1200 Wiede\u0144, Austria)<br>&#8211; MyBank (PRETA S.A.S, 40 Rue de Courcelles, F-75008 Pary\u017c, Francja)<br>&#8211; Przelewy24 (PayPro SA, Kanclerska 15A, 60-326 Pozna\u0144, Polska)<br><br>Szczeg\u00f3\u0142y dotycz\u0105ce ochrony danych dost\u0119pne s\u0105 w polityce prywatno\u015bci PayPal: <a href=\"https:\/\/www.paypal.com\/de\/webapps\/mpp\/ua\/privacy-full\" target=\"_blank\" rel=\"nofollow noopener\">https:\/\/www.paypal.com\/pl\/webapps\/mpp\/ua\/privacy-full<\/a><\/p>\n\n\n\n<h2 class=\"wp-block-heading has-medium-font-size\" id=\"h-10-uslugi-analizy-stron-internetowych\"><strong>10) Us\u0142ugi analizy stron internetowych<\/strong><\/h2>\n\n\n\n<p><strong>10.1<\/strong> Ta strona korzysta z Google Analytics 4, us\u0142ugi \u015bwiadczonej przez Google Ireland Limited, Gordon House, 4 Barrow St, Dublin, D04 E5W5, Irlandia (\u201eGoogle\u201d), kt\u00f3ra s\u0142u\u017cy do analizy korzystania ze stron internetowych.<\/p>\n\n\n\n<p>Podczas korzystania z Google Analytics 4 standardowo wykorzystywane s\u0105 tzw. \u201eciasteczka\u201d (cookies). Ciasteczka to pliki tekstowe zapisywane na Twoim urz\u0105dzeniu, kt\u00f3re pozwalaj\u0105 analizowa\u0107 spos\u00f3b korzystania ze strony. Zebrane przez ciasteczka dane o korzystaniu z tej strony (w tym skr\u00f3cony adres IP przesy\u0142any przez Twoje urz\u0105dzenie \u2013 szczeg\u00f3\u0142y poni\u017cej) s\u0105 zwykle przesy\u0142ane na serwer Google, gdzie s\u0105 przechowywane i przetwarzane. Mo\u017ce si\u0119 zdarzy\u0107, \u017ce informacje te zostan\u0105 przekazane tak\u017ce na serwery Google LLC w USA, gdzie podlegaj\u0105 dalszemu przetwarzaniu.<\/p>\n\n\n\n<p>Adres IP przesy\u0142any przez Twoje urz\u0105dzenie podczas korzystania ze strony jest zawsze zbierany i przetwarzany automatycznie wy\u0142\u0105cznie w formie zanonimizowanej, uniemo\u017cliwiaj\u0105cej bezpo\u015brednie powi\u0105zanie z Tob\u0105. Anonimizacja polega na skr\u00f3ceniu adresu IP przez Google na terenie pa\u0144stw cz\u0142onkowskich Unii Europejskiej (UE) lub innych pa\u0144stw obj\u0119tych porozumieniem o Europejskim Obszarze Gospodarczym (EOG) poprzez obci\u0119cie ko\u0144cowych cyfr.<\/p>\n\n\n\n<p>Na nasze zlecenie Google wykorzystuje te dane i inne informacje w celu oceny korzystania ze strony, przygotowania raport\u00f3w dotycz\u0105cych aktywno\u015bci na stronie internetowej lub zachowa\u0144 u\u017cytkownik\u00f3w oraz \u015bwiadczenia innych us\u0142ug zwi\u0105zanych z korzystaniem z Internetu. Adres IP przesy\u0142any i skr\u00f3cony przez Twoje urz\u0105dzenie w ramach Google Analytics 4 nie jest \u0142\u0105czony z innymi danymi Google. Dane zebrane w ramach korzystania z Google Analytics 4 s\u0105 przechowywane przez 2 miesi\u0105ce, a nast\u0119pnie usuwane.<\/p>\n\n\n\n<p>Google Analytics 4 umo\u017cliwia r\u00f3wnie\u017c tworzenie statystyk dotycz\u0105cych wieku, p\u0142ci i zainteresowa\u0144 u\u017cytkownik\u00f3w strony na podstawie analizy reklam opartych na zainteresowaniach oraz z udzia\u0142em informacji od podmiot\u00f3w trzecich, korzystaj\u0105c ze specjalnej funkcji \u201edane demograficzne\u201d. Pozwala to okre\u015bli\u0107 i odr\u00f3\u017cni\u0107 grupy u\u017cytkownik\u00f3w strony na potrzeby dzia\u0142a\u0144 marketingowych. Dane zebrane przez funkcj\u0119 \u201edane demograficzne\u201d nie mog\u0105 by\u0107 przypisane do konkretnej osoby, w tym do Ciebie. Te dane s\u0105 przechowywane przez dwa miesi\u0105ce, a nast\u0119pnie usuwane.<\/p>\n\n\n\n<p>Wszystkie powy\u017csze operacje, w tym ustawianie plik\u00f3w cookie Google Analytics do przechowywania i odczytywania informacji na Twoim urz\u0105dzeniu, s\u0105 wykonywane wy\u0142\u0105cznie, je\u015bli wyrazi\u0142e\u015b na to zgod\u0119 zgodnie z art. 6 ust. 1 lit. a RODO. Bez Twojej zgody Google Analytics 4 nie b\u0119dzie wykorzystywany podczas korzystania ze strony.<\/p>\n\n\n\n<p>Mo\u017cesz cofn\u0105\u0107 swoj\u0105 zgod\u0119 w ka\u017cdej chwili ze skutkiem na przysz\u0142o\u015b\u0107. Aby to zrobi\u0107, wy\u0142\u0105cz t\u0119 us\u0142ug\u0119 za pomoc\u0105 narz\u0119dzia \u201eCookie Consent Tool\u201d dost\u0119pnego na stronie.<\/p>\n\n\n\n<p>Google Signals &#8211; Na tej stronie mo\u017cna r\u00f3wnie\u017c korzysta\u0107 z us\u0142ugi \u201eGoogle Signals\u201d jako rozszerzenia Google Analytics 4. Google Signals pozwala Google tworzy\u0107 raporty dotycz\u0105ce u\u017cytkownik\u00f3w korzystaj\u0105cych z r\u00f3\u017cnych urz\u0105dze\u0144 (\u201ecross-device tracking\u201d). Je\u015bli masz w\u0142\u0105czone \u201espersonalizowane reklamy\u201d w ustawieniach konta Google i po\u0142\u0105czone r\u00f3\u017cne urz\u0105dzenia z kontem Google, Google mo\u017ce analizowa\u0107 zachowania u\u017cytkownik\u00f3w na r\u00f3\u017cnych urz\u0105dzeniach i tworzy\u0107 na tej podstawie modele danych, je\u015bli wyrazi\u0142e\u015b zgod\u0119 na korzystanie z Google Analytics zgodnie z art. 6 ust. 1 lit. a RODO (jak wy\u017cej). Uwierzytelnienia i typy urz\u0105dze\u0144 wszystkich odwiedzaj\u0105cych stron\u0119, kt\u00f3rzy byli zalogowani na konto Google i dokonali konwersji, s\u0105 brane pod uwag\u0119. Dane pokazuj\u0105 m.in., na kt\u00f3rym urz\u0105dzeniu pierwszy raz klikn\u0105\u0142e\u015b reklam\u0119 i na kt\u00f3rym urz\u0105dzeniu nast\u0105pi\u0142a konwersja. W przypadku u\u017cycia Google Signals nie otrzymujemy \u017cadnych danych osobowych od Google, tylko statystyki sporz\u0105dzone na podstawie Google Signals. Masz mo\u017cliwo\u015b\u0107 wy\u0142\u0105czenia funkcji \u201espersonalizowane reklamy\u201d w ustawieniach konta Google i tym samym zablokowania analizy mi\u0119dzy urz\u0105dzeniami. Instrukcje znajdziesz tutaj: <a href=\"https:\/\/support.google.com\/ads\/answer\/2662922?hl=de\" target=\"_blank\" rel=\"nofollow noopener\">https:\/\/support.google.com\/ads\/answer\/2662922?hl=pl<\/a> Wi\u0119cej informacji: <a href=\"https:\/\/support.google.com\/analytics\/answer\/7532985?hl=pl\" target=\"_blank\" rel=\"nofollow noopener\">https:\/\/support.google.com\/analytics\/answer\/7532985?hl=pl<\/a><\/p>\n\n\n\n<p>User IDs &#8211; Jako rozszerzenie Google Analytics 4 na tej stronie mo\u017ce by\u0107 r\u00f3wnie\u017c stosowana funkcja \u201eUserIDs\u201d. Dzi\u0119ki przypisaniu indywidualnych UserID, Google mo\u017ce tworzy\u0107 raporty o korzystaniu ze strony na r\u00f3\u017cnych urz\u0105dzeniach (\u201ecross-device tracking\u201d). Oznacza to, \u017ce Twoje zachowania na stronie mog\u0105 by\u0107 analizowane na wielu urz\u0105dzeniach, je\u015bli wyrazi\u0142e\u015b odpowiedni\u0105 zgod\u0119 na korzystanie z Google Analytics zgodnie z art. 6 ust. 1 lit. a RODO, utworzy\u0142e\u015b osobiste konto przez rejestracj\u0119 na stronie oraz jeste\u015b zalogowany na r\u00f3\u017cnych urz\u0105dzeniach z u\u017cyciem swoich danych. Uzyskane w ten spos\u00f3b dane pokazuj\u0105 m.in., na kt\u00f3rym urz\u0105dzeniu klikn\u0105\u0142e\u015b reklam\u0119 po raz pierwszy, a na kt\u00f3rym urz\u0105dzeniu wykona\u0142e\u015b konwersj\u0119.<\/p>\n\n\n\n<p>W zwi\u0105zku z korzystaniem z Google Analytics 4 zawarli\u015bmy z Google tzw. umow\u0119 powierzenia przetwarzania danych, w kt\u00f3rej Google zobowi\u0105zuje si\u0119 chroni\u0107 dane u\u017cytkownik\u00f3w naszej strony i nie przekazywa\u0107 ich osobom trzecim.<br><br>W przypadku przekazywania danych do USA, dostawca uczestniczy w programie EU-US Data Privacy Framework, kt\u00f3ry gwarantuje zgodno\u015b\u0107 z europejskim poziomem ochrony danych na podstawie decyzji Komisji Europejskiej o odpowiednim stopniu ochrony.<\/p>\n\n\n\n<p>W przypadku przesy\u0142ania danych do USA, dostawca uczestniczy w EU-US Data Privacy Framework, co zapewnia zgodno\u015b\u0107 z europejskim poziomem ochrony danych na podstawie decyzji Komisji Europejskiej o adekwatno\u015bci.<\/p>\n\n\n\n<p>Dodatkowe informacje prawne dotycz\u0105ce Google Analytics 4 s\u0105 dost\u0119pne tutaj: <a href=\"https:\/\/policies.google.com\/privacy?hl=en\" target=\"_blank\" rel=\"nofollow noopener\">https:\/\/policies.google.com\/privacy?hl=pl<\/a> oraz <a href=\"https:\/\/business.safety.google\/privacy\/\" target=\"_blank\" rel=\"nofollow noopener\">https:\/\/business.safety.google\/privacy\/<\/a><\/p>\n\n\n\n<p>Szczeg\u00f3\u0142y dotycz\u0105ce przetwarzania przez Google Analytics 4 i podej\u015bcia Google do danych ze stron mo\u017cna znale\u017a\u0107 tutaj: <a href=\"https:\/\/policies.google.com\/technologies\/partner-sites\" target=\"_blank\" rel=\"nofollow noopener\">https:\/\/policies.google.com\/technologies\/partner-sites<\/a><\/p>\n\n\n\n<p><strong>10.2<\/strong> Ta strona korzysta z \u201eGoogle Tag Managera\u201d, us\u0142ugi Google Ireland Limited, Gordon House, Barrow Street, Dublin 4, Irlandia (\u201eGoogle\u201d).<\/p>\n\n\n\n<p>Google Tag Manager zapewnia podstaw\u0119 techniczn\u0105 do \u0142\u0105czenia r\u00f3\u017cnych aplikacji internetowych, w tym us\u0142ug \u015bledzenia i analizy, oraz zarz\u0105dzania nimi z poziomu jednego interfejsu. Sam Google Tag Manager nie zapisuje informacji na urz\u0105dzeniu u\u017cytkownika ani ich nie odczytuje. Us\u0142uga tak\u017ce nie przeprowadza niezale\u017cnych analiz danych. Jednak podczas odwiedzin strony Google Tag Manager przesy\u0142a Tw\u00f3j adres IP do Google i mo\u017ce go tam przechowywa\u0107. Mo\u017cliwe jest tak\u017ce przekazanie danych na serwery Google LLC w USA.<br><br>Wszelkie opisane wy\u017cej operacje, w szczeg\u00f3lno\u015bci odczyt lub zapis informacji na u\u017cywanym urz\u0105dzeniu, s\u0105 realizowane wy\u0142\u0105cznie po uzyskaniu Twojej wyra\u017anej zgody zgodnie z art. 6 ust. 1 lit. a RODO. Zgod\u0119 mo\u017cna odwo\u0142a\u0107 w dowolnym momencie ze skutkiem na przysz\u0142o\u015b\u0107, dezaktywuj\u0105c t\u0119 us\u0142ug\u0119 w narz\u0119dziu \u201ecookie consent tool\u201d dost\u0119pnym na stronie.<br><br>Z dostawc\u0105 zawarli\u015bmy umow\u0119 powierzenia przetwarzania danych, kt\u00f3ra zapewnia ochron\u0119 danych u\u017cytkownik\u00f3w naszej strony i zakazuje nieuprawnionego udost\u0119pniania ich osobom trzecim.<br><br>Wi\u0119cej informacji o standardach prywatno\u015bci Google: <a href=\"https:\/\/business.safety.google\/privacy\/\" target=\"_blank\" rel=\"nofollow noopener\">https:\/\/business.safety.google\/privacy\/<\/a><br><br>W przypadku przekazywania danych do USA, dostawca uczestniczy w EU-US Data Privacy Framework, co gwarantuje zgodno\u015b\u0107 z europejskim poziomem ochrony danych na podstawie decyzji Komisji Europejskiej o adekwatno\u015bci.<\/p>\n\n\n\n<p>Wszystkie powy\u017csze operacje, w szczeg\u00f3lno\u015bci odczyt lub zapis informacji na u\u017cywanym urz\u0105dzeniu, odbywaj\u0105 si\u0119 wy\u0142\u0105cznie po uzyskaniu wyra\u017anej zgody zgodnie z art. 6 ust. 1 lit. a RODO. Swoj\u0105 zgod\u0119 mo\u017cesz wycofa\u0107 w dowolnej chwili ze skutkiem na przysz\u0142o\u015b\u0107, dezaktywuj\u0105c t\u0119 us\u0142ug\u0119 w narz\u0119dziu \u201ecookie consent tool\u201d na stronie.<\/p>\n\n\n\n<p>Z dostawc\u0105 zawarli\u015bmy umow\u0119 powierzenia przetwarzania danych, kt\u00f3ra zabezpiecza dane odwiedzaj\u0105cych nasz\u0105 stron\u0119 i zabrania nieuprawnionego udost\u0119pniania ich osobom trzecim.<\/p>\n\n\n\n<p>Wi\u0119cej informacji o polityce prywatno\u015bci Google: <a href=\"https:\/\/business.safety.google\/privacy\/\" target=\"_blank\" rel=\"nofollow noopener\">https:\/\/business.safety.google\/privacy\/<\/a><\/p>\n\n\n\n<p>W przypadku przesy\u0142ania danych do USA, dostawca uczestniczy w EU-US Data Privacy Framework, co zapewnia zgodno\u015b\u0107 z europejskim poziomem ochrony danych na podstawie decyzji Komisji Europejskiej o adekwatno\u015bci.<\/p>\n\n\n\n<p><strong>10.3<\/strong> StatCounter &#8211; Ta strona korzysta z us\u0142ugi analizy ruchu internetowego dostarczanej przez: StatCounter, Guinness Enterprise Centre, Taylor&#8217;s Lane, Dublin 8, Irlandia<\/p>\n\n\n\n<p>Za pomoc\u0105 ciasteczek i\/lub por\u00f3wnywalnych technologii (piksele \u015bledz\u0105ce, web beacony, algorytmy do odczytu informacji z urz\u0105dzenia i przegl\u0105darki) us\u0142uga zbiera i przechowuje zanonimizowane dane odwiedzaj\u0105cych, w tym informacje o urz\u0105dzeniu jak adres IP czy rodzaj przegl\u0105darki. Dane te s\u0105 analizowane pod k\u0105tem statystycznym zachowa\u0144 u\u017cytkownik\u00f3w na naszej stronie oraz do tworzenia zanonimizowanych profili u\u017cytkownik\u00f3w. Dzi\u0119ki temu mo\u017cliwa jest analiza wzorc\u00f3w poruszania si\u0119 po stronie (tzw. heat maps), pokazuj\u0105cych d\u0142ugo\u015b\u0107 wizyt i interakcje z tre\u015bci\u0105 (np. wpisywanie tekstu, przewijanie, klikanie, naje\u017cd\u017canie kursorem). Zanonimizowanie danych uniemo\u017cliwia bezpo\u015brednie powi\u0105zanie z osob\u0105. Twoje dane osobowe nie s\u0105 \u0142\u0105czone z danymi zebranymi inn\u0105 drog\u0105.<\/p>\n\n\n\n<p>Wszystkie powy\u017csze operacje, w szczeg\u00f3lno\u015bci odczyt lub zapis informacji na u\u017cywanym urz\u0105dzeniu, odbywaj\u0105 si\u0119 wy\u0142\u0105cznie po uzyskaniu wyra\u017anej zgody zgodnie z art. 6 ust. 1 lit. a RODO. Swoj\u0105 zgod\u0119 mo\u017cesz wycofa\u0107 w dowolnej chwili ze skutkiem na przysz\u0142o\u015b\u0107, dezaktywuj\u0105c t\u0119 us\u0142ug\u0119 w narz\u0119dziu \u201ecookie consent tool\u201d na stronie.<\/p>\n\n\n\n<p>Z dostawc\u0105 zawarli\u015bmy umow\u0119 powierzenia przetwarzania danych, kt\u00f3ra zabezpiecza dane odwiedzaj\u0105cych nasz\u0105 stron\u0119 i zabrania nieuprawnionego udost\u0119pniania ich osobom trzecim.<\/p>\n\n\n\n<h2 class=\"wp-block-heading has-medium-font-size\" id=\"h-11-funkcje-strony\"><strong>11) Funkcje strony<\/strong><\/h2>\n\n\n\n<p><strong>11.1<\/strong> Filmy YouTube &#8211; Ta strona wykorzystuje wtyczki do wy\u015bwietlania i odtwarzania film\u00f3w pochodz\u0105cych od: Google Ireland Limited, Gordon House, 4 Barrow St, Dublin, D04 ESW5, Irlandia<\/p>\n\n\n\n<p>Dane mog\u0105 by\u0107 przekazywane tak\u017ce do: Google LLC., USA.<\/p>\n\n\n\n<p>Po wej\u015bciu na stron\u0119 z tak\u0105 wtyczk\u0105 przegl\u0105darka nawi\u0105zuje bezpo\u015brednie po\u0142\u0105czenie z serwerami dostawcy, aby za\u0142adowa\u0107 wtyczk\u0119. Podczas tego procesu pewne informacje, w tym Tw\u00f3j adres IP, zostaj\u0105 przes\u0142ane do dostawcy.<\/p>\n\n\n\n<p>Je\u015bli odtwarzanie osadzonych film\u00f3w zostanie uruchomione przez wtyczk\u0119, dostawca wykorzystuje ciasteczka do zbierania informacji o zachowaniach u\u017cytkownika, tworzenia statystyk odtwarzania i zapobiegania nadu\u017cyciom.<\/p>\n\n\n\n<p>Je\u015bli podczas wizyty na stronie jeste\u015b zalogowany na konto u dostawcy, dane b\u0119d\u0105 przypisane bezpo\u015brednio do Twojego konta po klikni\u0119ciu filmu. Je\u015bli nie chcesz, aby dane by\u0142y przypisane do Twojego konta, przed klikni\u0119ciem przycisku odtwarzania musisz si\u0119 wylogowa\u0107.<\/p>\n\n\n\n<p>Wszelkie wymienione wy\u017cej operacje, w tym ustawianie ciasteczek do odczytu informacji z urz\u0105dzenia, odbywaj\u0105 si\u0119 wy\u0142\u0105cznie po uzyskaniu wyra\u017anej zgody zgodnie z art. 6 ust. 1 lit. a RODO. Zgod\u0119 mo\u017cna wycofa\u0107 w dowolnym momencie ze skutkiem na przysz\u0142o\u015b\u0107, dezaktywuj\u0105c t\u0119 us\u0142ug\u0119 w narz\u0119dziu \u201ecookie consent tool\u201d na stronie.<br><br>W przypadku przekazywania danych do USA, dostawca uczestniczy w EU-US Data Privacy Framework, dzi\u0119ki czemu spe\u0142nia europejskie wymogi ochrony danych na podstawie decyzji Komisji Europejskiej o adekwatno\u015bci.<\/p>\n\n\n\n<p>W przypadku przesy\u0142ania danych do USA, dostawca uczestniczy w EU-US Data Privacy Framework, co zapewnia zgodno\u015b\u0107 z europejskim poziomem ochrony danych na podstawie decyzji Komisji Europejskiej o adekwatno\u015bci.<\/p>\n\n\n\n<p><strong>11.2<\/strong> Google reCAPTCHA &#8211; Na tej stronie u\u017cywamy us\u0142ugi CAPTCHA dostarczanej przez: Google Ireland Limited, Gordon House, 4 Barrow St, Dublin, D04 E5W5, Irlandia<\/p>\n\n\n\n<p>Dane mog\u0105 by\u0107 tak\u017ce przekazywane do: Google LLC, USA. Do wizualnej prezentacji okna CAPTCHA dostawca u\u017cywa \u201eGoogle Fonts\u201d, czyli czcionek pobieranych z Internetu przez Google. Nie s\u0105 przetwarzane \u017cadne dodatkowe dane opr\u00f3cz wymienionych wy\u017cej, przekazywanych w ramach dzia\u0142ania ReCaptcha.<\/p>\n\n\n\n<p>Us\u0142uga sprawdza, czy dzia\u0142anie wykonuje cz\u0142owiek, czy robi to automatycznie program komputerowy, by blokowa\u0107 spam, ataki DDoS i inne z\u0142o\u015bliwe dzia\u0142ania. Aby okre\u015bli\u0107, czy akcja pochodzi od osoby, a nie bota, dostawca zbiera adres IP urz\u0105dzenia, dane przegl\u0105darki, typ systemu operacyjnego oraz dat\u0119 i d\u0142ugo\u015b\u0107 wizyty, przekazuj\u0105c te dane do swoich serwer\u00f3w. Mo\u017ce si\u0119 to wi\u0105za\u0107 z u\u017cyciem ciasteczek, czyli ma\u0142ych plik\u00f3w tekstowych zapisywanych w przegl\u0105darce urz\u0105dzenia.<\/p>\n\n\n\n<p>Je\u015bli opisane wy\u017cej przetwarzanie odbywa si\u0119 przy u\u017cyciu ciasteczek, b\u0119d\u0105 one ustawiane wy\u0142\u0105cznie, je\u015bli wyrazisz na to wyra\u017an\u0105 zgod\u0119 zgodnie z art. 6 ust. 1 lit. a RODO. Zgod\u0119 mo\u017cesz wycofa\u0107 w ka\u017cdej chwili ze skutkiem na przysz\u0142o\u015b\u0107, dezaktywuj\u0105c us\u0142ug\u0119 w \u201ecookie consent tool\u201d na stronie.<\/p>\n\n\n\n<p>Je\u015bli powy\u017csze przetwarzanie odbywa si\u0119 bez u\u017cycia ciasteczek, podstaw\u0105 prawn\u0105 jest nasz uzasadniony interes polegaj\u0105cy na ustaleniu odpowiedzialno\u015bci w Internecie oraz zapobieganiu nadu\u017cyciom i spamowi, zgodnie z art. 6 ust. 1 lit. f RODO.<\/p>\n\n\n\n<p>Z dostawc\u0105 podpisali\u015bmy umow\u0119 powierzenia przetwarzania danych, kt\u00f3ra zapewnia ochron\u0119 danych u\u017cytkownik\u00f3w strony i zabrania nieuprawnionego udost\u0119pniania danych osobom trzecim.<\/p>\n\n\n\n<p>W przypadku przesy\u0142ania danych do USA, dostawca uczestniczy w EU-US Data Privacy Framework, co zapewnia zgodno\u015b\u0107 z europejskim poziomem ochrony danych na podstawie decyzji Komisji Europejskiej o adekwatno\u015bci.<\/p>\n\n\n\n<p>Wi\u0119cej informacji o polityce prywatno\u015bci Google: <a href=\"https:\/\/business.safety.google\/privacy\/\" target=\"_blank\" rel=\"nofollow noopener\">https:\/\/business.safety.google\/privacy\/<\/a><\/p>\n\n\n\n<h2 class=\"wp-block-heading has-medium-font-size\" id=\"h-12-narzedzia-i-inne-funkcje\"><strong>12) Narz\u0119dzia i inne funkcje<\/strong><\/h2>\n\n\n\n<p>Ta strona korzysta z narz\u0119dzia \u201ecookie consent tool\u201d do uzyskiwania skutecznej zgody u\u017cytkownik\u00f3w na korzystanie z ciasteczek i aplikacji wymagaj\u0105cych zgody. \u201eCookie consent tool\u201d jest wy\u015bwietlany u\u017cytkownikom jako interfejs przy wej\u015bciu na stron\u0119, gdzie mo\u017cna wyrazi\u0107 zgod\u0119 na okre\u015blone ciasteczka i\/lub us\u0142ugi poprzez zaznaczenie odpowiedniego pola.<\/p>\n\n\n\n<p>Dzi\u0119ki temu narz\u0119dziu wszystkie ciasteczka\/us\u0142ugi wymagaj\u0105ce zgody s\u0105 uruchamiane tylko wtedy, gdy u\u017cytkownik wyrazi na to zgod\u0119, zaznaczaj\u0105c odpowiednie pole. W ten spos\u00f3b na urz\u0105dzeniu u\u017cytkownika zostan\u0105 ustawione wy\u0142\u0105cznie te ciasteczka, na kt\u00f3re udzieli\u0142 on zgody.<\/p>\n\n\n\n<p>Narz\u0119dzie ustawia technicznie niezb\u0119dne ciasteczka, aby zapisa\u0107 Twoje preferencje. Zazwyczaj nie s\u0105 przetwarzane \u017cadne dane osobowe u\u017cytkownika. Je\u015bli w pojedynczych przypadkach przetwarzane s\u0105 dane osobowe (np. adres IP) w celu zapisania, przypisania czy rejestrowania ustawie\u0144 dotycz\u0105cych ciasteczek, przetwarzanie odbywa si\u0119 zgodnie z art. 6 ust. 1 RODO na podstawie naszego uzasadnionego interesu w zapewnieniu zgodnego z prawem, dopasowanego do u\u017cytkownika zarz\u0105dzania zgodami na ciasteczka, a tym samym zgodnego z przepisami funkcjonowania naszej strony. Kolejn\u0105 podstaw\u0105 prawn\u0105 przetwarzania jest art. 6 ust. 1 lit. c RODO. Jako administrator podlegamy obowi\u0105zkowi prawnemu uzale\u017cnienia stosowania niekoniecznych ciasteczek od zgody u\u017cytkownika. Wi\u0119cej informacji o operatorze i opcjach ustawie\u0144 narz\u0119dzia cookie consent tool znajdziesz bezpo\u015brednio w interfejsie u\u017cytkownika na naszej stronie.<\/p>\n\n\n\n<h2 class=\"wp-block-heading has-medium-font-size\" id=\"h-13-prawa-osoby-ktorej-dane-dotycza\"><strong>13) Prawa osoby, kt\u00f3rej dane dotycz\u0105<\/strong><\/h2>\n\n\n\n<p><strong>13.1<\/strong> Obowi\u0105zuj\u0105ce prawo o ochronie danych przyznaje Ci nast\u0119puj\u0105ce prawa wobec administratora danych w zwi\u0105zku z przetwarzaniem Twoich danych osobowych:<\/p>\n\n\n\n<ul class=\"wp-block-list\">\n<li>Prawo dost\u0119pu do danych na podstawie art. 15 RODO;<\/li>\n\n\n\n<li>Prawo do sprostowania danych na podstawie art. 16 RODO;<\/li>\n\n\n\n<li>Prawo do usuni\u0119cia danych (\u201eprawo do bycia zapomnianym\u201d) na podstawie art. 17 RODO;<\/li>\n\n\n\n<li>Prawo do ograniczenia przetwarzania danych na podstawie art. 18 RODO;<\/li>\n\n\n\n<li>Prawo do informacji na podstawie art. 19 RODO;<\/li>\n\n\n\n<li>Prawo do przenoszenia danych na podstawie art. 20 RODO;<\/li>\n\n\n\n<li>Prawo do cofni\u0119cia zgody na podstawie art. 7 ust. 3 RODO;<\/li>\n\n\n\n<li>Prawo do wniesienia skargi na podstawie art. 77 RODO.<\/li>\n<\/ul>\n\n\n\n<p><strong>13.2<\/strong>&nbsp;PRAWO DO SPRZECIWU<\/p>\n\n\n\n<p>JE\u017bELI W RAMACH ROZWA\u017bENIA INTERES\u00d3W PRZETWARZAMY TWOJE DANE OSOBOWE NA PODSTAWIE NASZEGO PRZEWA\u017bAJ\u0104CEGO UZASADNIONEGO INTERESU, MASZ PRAWO W KA\u017bDEJ CHWILI SPRZECIWI\u0106 SI\u0118 TAKIEMU PRZETWARZANIU ZE SKUTKIEM NA PRZYSZ\u0141O\u015a\u0106 Z POWOD\u00d3W WYNIKAJ\u0104CYCH Z TWOJEJ SZCZEG\u00d3LNEJ SYTUACJI.<\/p>\n\n\n\n<p>JE\u015aLI SKORZYSTASZ Z PRAWA DO SPRZECIWU, ZAPRZESTANIEMY PRZETWARZANIA DANYCH, KT\u00d3RYCH DOTYCZY TWOJE DANE. ZASTRZEGAMY SOBIE JEDNAK PRAWO DO DALSZEGO PRZETWARZANIA, JE\u015aLI MO\u017bEMY UDOWODNI\u0106 ISTNIEJ\u0104CE POWODY ZAS\u0141UGUJ\u0104CE NA OCHRON\u0118 PRZETWARZANIA, KT\u00d3RE MAJ\u0104 ZNACZENIE WI\u0118KSZE ZNACZENIE NI\u017b TWOJE INTERESY, PODSTAWOWE PRAWA I WOLNO\u015aCI, LUB JE\u015aLI PRZETWARZANIE S\u0141U\u017bY DOCHODZENIU, WYKONYWANIU LUB OBRONIE ROSZCZE\u0143 PRAWNYCH.<\/p>\n\n\n\n<p>JE\u015aLI PRZETWARZAMY TWOJE DANE OSOBOWE W CELACH MARKETINGU BEZPO\u015aREDNIEGO, MASZ PRAWO W DOWOLNYM MOMENCIE WNIE\u015a\u0106 SPRZECIW PRZETWARZANIU TWOICH DANYCH OSOBOWYCH, KT\u00d3RE S\u0104 WYKORZYSTYWANE W CELACH MARKETINGU BEZPO\u015aREDNIEGO. MO\u017bESZ SKORZYSTA\u0106 ZE SPRZECIWU W SPOS\u00d3B OPISANY POWY\u017bEJ.<\/p>\n\n\n\n<p>JE\u015aLI SKORZYSTASZ Z PRAWA SPRZECIWU, ZAPRZESTANIEMY PRZETWARZANIA DOTYCZ\u0104CYCH DANYCH W CELACH REKLAMY BEZPO\u015aREDNIEJ.<\/p>\n\n\n\n<h2 class=\"wp-block-heading has-medium-font-size\" id=\"h-14-czas-przechowywania-danych-osobowych\"><strong>14) Czas przechowywania danych osobowych<\/strong><\/h2>\n\n\n\n<p>Czas przechowywania danych osobowych zale\u017cy od podstawy prawnej, celu przetwarzania i \u2013 je\u015bli ma to zastosowanie \u2013 odpowiednich okres\u00f3w przechowywania okre\u015blonych przepisami (np. okresy przechowywania danych wynikaj\u0105ce z przepis\u00f3w handlowych i podatkowych).<\/p>\n\n\n\n<p>Je\u015bli dane osobowe s\u0105 przetwarzane na podstawie wyra\u017anej zgody zgodnie z art. 6 ust. 1 lit. a RODO, dane te s\u0105 przechowywane do momentu cofni\u0119cia zgody przez osob\u0119, kt\u00f3rej dane dotycz\u0105.<\/p>\n\n\n\n<p>Je\u015bli obowi\u0105zuj\u0105 prawne okresy przechowywania danych, kt\u00f3re s\u0105 przetwarzane w ramach realizacji zobowi\u0105za\u0144 prawnych lub podobnych na podstawie art. 6 ust. 1 lit. b RODO, te dane s\u0105 regularnie usuwane po up\u0142ywie okres\u00f3w przechowywania, o ile nie s\u0105 ju\u017c potrzebne do realizacji lub rozpocz\u0119cia umowy i\/lub nie mamy ju\u017c uzasadnionego interesu w ich dalszym przechowywaniu.<\/p>\n\n\n\n<p>W przypadku przetwarzania danych osobowych na podstawie art. 6 ust. 1 lit. f RODO, dane te s\u0105 przechowywane do momentu wniesienia sprzeciwu przez osob\u0119, kt\u00f3rej dane dotycz\u0105, zgodnie z art. 21 ust. 1 RODO, chyba \u017ce przedstawimy wa\u017cne podstawy do przetwarzania, kt\u00f3re maj\u0105 pierwsze\u0144stwo wobec interes\u00f3w, praw i wolno\u015bci osoby, kt\u00f3rej dane dotycz\u0105, albo przetwarzanie s\u0142u\u017cy dochodzeniu, wykonywaniu lub obronie roszcze\u0144 prawnych.<\/p>\n\n\n\n<p>Je\u015bli dane osobowe s\u0105 przetwarzane w celu marketingu bezpo\u015bredniego na podstawie art. 6 ust. 1 lit. f RODO, dane te s\u0105 przechowywane do momentu wniesienia sprzeciwu przez osob\u0119, kt\u00f3rej dane dotycz\u0105, zgodnie z art. 21 ust. 2 RODO.<\/p>\n\n\n\n<p>O ile w tej informacji dotycz\u0105cej szczeg\u00f3lnych sytuacji przetwarzania nie okre\u015blono inaczej, przechowywane dane osobowe zostan\u0105 usuni\u0119te, gdy nie b\u0119d\u0105 ju\u017c potrzebne do cel\u00f3w, w kt\u00f3rych zosta\u0142y zebrane lub w inny spos\u00f3b przetwarzane.<\/p>\n\n\n\n<a href=\"https:\/\/www.it-recht-kanzlei.de\/\" target=\"_blank\" rel=\"noopener\"><img loading=\"lazy\" decoding=\"async\" class=\"\" src=\"https:\/\/www.it-recht-kanzlei.de\/logo\/Logo_Juristisch_betreut_durch_IT-Recht_Kanzlei.png?i=38428-1ebaa-39c6-907c-1\" alt=\"Vertreten durch die IT-Recht Kanzlei\" width=\"227\" height=\"88\"\/><\/a><br\/>\n","protected":false},"excerpt":{"rendered":"<p>Deklaracja Ochrony Danych Osobowych 1) Informacje dotycz\u0105ce zbierania danych osobowych oraz dane kontaktowe administratora 1.1 Cieszymy si\u0119, \u017ce odwiedzasz nasz\u0105 stron\u0119 internetow\u0105 i dzi\u0119kujemy za zainteresowanie. Poni\u017cej wyja\u015bniamy, jak przetwarzamy Twoje dane osobowe podczas korzystania z naszej strony. Dane osobowe to wszystkie informacje, kt\u00f3re mog\u0105 pozwoli\u0107 na Twoj\u0105 identyfikacj\u0119. 1.2 Administratorem przetwarzaj\u0105cym dane na tej&#8230;<\/p>\n","protected":false},"author":2,"featured_media":0,"parent":0,"menu_order":0,"comment_status":"closed","ping_status":"closed","template":"","meta":{"_kad_blocks_custom_css":"","_kad_blocks_head_custom_js":"","_kad_blocks_body_custom_js":"","_kad_blocks_footer_custom_js":"","_kadence_starter_templates_imported_post":false,"_kad_post_transparent":"","_kad_post_title":"","_kad_post_layout":"","_kad_post_sidebar_id":"","_kad_post_content_style":"","_kad_post_vertical_padding":"","_kad_post_feature":"","_kad_post_feature_position":"","_kad_post_header":false,"_kad_post_footer":false,"_kad_post_classname":"","footnotes":""},"class_list":["post-27676","page","type-page","status-publish","hentry"],"yoast_head":"<!-- This site is optimized with the Yoast SEO Premium plugin v27.5 (Yoast SEO v27.5) - https:\/\/yoast.com\/product\/yoast-seo-premium-wordpress\/ -->\n<title>Polityka prywatno\u015bci Sklep Lr Aloe Vera<\/title>\n<meta name=\"description\" content=\"Polityka prywatno\u015bci sklepu Lr Aloe Vera oraz informacje o gromadzeniu danych osobowych i dane kontaktowe administratora danych.\" \/>\n<meta name=\"robots\" content=\"index, follow, max-snippet:-1, max-image-preview:large, max-video-preview:-1\" \/>\n<link rel=\"canonical\" href=\"https:\/\/www.lraloeverashop.eu\/pl\/polityka-prywatnosci-sklep-lr-aloe-vera\/\" \/>\n<meta property=\"og:locale\" content=\"pl_PL\" \/>\n<meta property=\"og:type\" content=\"article\" \/>\n<meta property=\"og:title\" content=\"Polityka prywatno\u015bci Sklep Lr Aloe Vera\" \/>\n<meta property=\"og:description\" content=\"Polityka prywatno\u015bci sklepu Lr Aloe Vera oraz informacje o gromadzeniu danych osobowych i dane kontaktowe administratora danych.\" \/>\n<meta property=\"og:url\" content=\"https:\/\/www.lraloeverashop.eu\/pl\/polityka-prywatnosci-sklep-lr-aloe-vera\/\" \/>\n<meta property=\"og:site_name\" content=\"Lr Aloe Vera Shop\" \/>\n<meta property=\"article:publisher\" content=\"https:\/\/www.facebook.com\/lraloeverashop.eu\" \/>\n<meta property=\"article:modified_time\" content=\"2026-04-26T06:01:14+00:00\" \/>\n<meta property=\"og:image\" content=\"https:\/\/www.it-recht-kanzlei.de\/logo\/Logo_Juristisch_betreut_durch_IT-Recht_Kanzlei.png?i=38428-1ebaa-39c6-907c-1\" \/>\n<meta name=\"twitter:card\" content=\"summary_large_image\" \/>\n<meta name=\"twitter:site\" content=\"@natur__kosmetik\" \/>\n<script type=\"application\/ld+json\" class=\"yoast-schema-graph\">{\"@context\":\"https:\\\/\\\/schema.org\",\"@graph\":[{\"@type\":\"WebPage\",\"@id\":\"https:\\\/\\\/www.lraloeverashop.eu\\\/pl\\\/polityka-prywatnosci-sklep-lr-aloe-vera\\\/\",\"url\":\"https:\\\/\\\/www.lraloeverashop.eu\\\/pl\\\/polityka-prywatnosci-sklep-lr-aloe-vera\\\/\",\"name\":\"Polityka prywatno\u015bci Sklep Lr Aloe Vera\",\"isPartOf\":{\"@id\":\"https:\\\/\\\/www.lraloeverashop.eu\\\/pl\\\/#website\"},\"primaryImageOfPage\":{\"@id\":\"https:\\\/\\\/www.lraloeverashop.eu\\\/pl\\\/polityka-prywatnosci-sklep-lr-aloe-vera\\\/#primaryimage\"},\"image\":{\"@id\":\"https:\\\/\\\/www.lraloeverashop.eu\\\/pl\\\/polityka-prywatnosci-sklep-lr-aloe-vera\\\/#primaryimage\"},\"thumbnailUrl\":\"https:\\\/\\\/www.it-recht-kanzlei.de\\\/logo\\\/Logo_Juristisch_betreut_durch_IT-Recht_Kanzlei.png?i=38428-1ebaa-39c6-907c-1\",\"datePublished\":\"2022-09-21T08:12:59+00:00\",\"dateModified\":\"2026-04-26T06:01:14+00:00\",\"description\":\"Polityka prywatno\u015bci sklepu Lr Aloe Vera oraz informacje o gromadzeniu danych osobowych i dane kontaktowe administratora danych.\",\"breadcrumb\":{\"@id\":\"https:\\\/\\\/www.lraloeverashop.eu\\\/pl\\\/polityka-prywatnosci-sklep-lr-aloe-vera\\\/#breadcrumb\"},\"inLanguage\":\"pl-PL\",\"potentialAction\":[{\"@type\":\"ReadAction\",\"target\":[\"https:\\\/\\\/www.lraloeverashop.eu\\\/pl\\\/polityka-prywatnosci-sklep-lr-aloe-vera\\\/\"]}]},{\"@type\":\"ImageObject\",\"inLanguage\":\"pl-PL\",\"@id\":\"https:\\\/\\\/www.lraloeverashop.eu\\\/pl\\\/polityka-prywatnosci-sklep-lr-aloe-vera\\\/#primaryimage\",\"url\":\"https:\\\/\\\/www.it-recht-kanzlei.de\\\/logo\\\/Logo_Juristisch_betreut_durch_IT-Recht_Kanzlei.png?i=38428-1ebaa-39c6-907c-1\",\"contentUrl\":\"https:\\\/\\\/www.it-recht-kanzlei.de\\\/logo\\\/Logo_Juristisch_betreut_durch_IT-Recht_Kanzlei.png?i=38428-1ebaa-39c6-907c-1\"},{\"@type\":\"BreadcrumbList\",\"@id\":\"https:\\\/\\\/www.lraloeverashop.eu\\\/pl\\\/polityka-prywatnosci-sklep-lr-aloe-vera\\\/#breadcrumb\",\"itemListElement\":[{\"@type\":\"ListItem\",\"position\":1,\"name\":\"Home\",\"item\":\"https:\\\/\\\/www.lraloeverashop.eu\\\/pl\\\/\"},{\"@type\":\"ListItem\",\"position\":2,\"name\":\"Polityka prywatno\u015bci Sklep Lr Aloe Vera\"}]},{\"@type\":\"WebSite\",\"@id\":\"https:\\\/\\\/www.lraloeverashop.eu\\\/pl\\\/#website\",\"url\":\"https:\\\/\\\/www.lraloeverashop.eu\\\/pl\\\/\",\"name\":\"Lr Aloe Vera Shop\",\"description\":\"High Quality Lr Aloe Vera Gel, Aloe Vera Cream and Shampoo\",\"publisher\":{\"@id\":\"https:\\\/\\\/www.lraloeverashop.eu\\\/pl\\\/#organization\"},\"alternateName\":\"LR\",\"potentialAction\":[{\"@type\":\"SearchAction\",\"target\":{\"@type\":\"EntryPoint\",\"urlTemplate\":\"https:\\\/\\\/www.lraloeverashop.eu\\\/pl\\\/?s={search_term_string}\"},\"query-input\":{\"@type\":\"PropertyValueSpecification\",\"valueRequired\":true,\"valueName\":\"search_term_string\"}}],\"inLanguage\":\"pl-PL\"},{\"@type\":\"Organization\",\"@id\":\"https:\\\/\\\/www.lraloeverashop.eu\\\/pl\\\/#organization\",\"name\":\"Sklep Lr Aloe Vera\",\"alternateName\":\"LR\",\"url\":\"https:\\\/\\\/www.lraloeverashop.eu\\\/pl\\\/\",\"logo\":{\"@type\":\"ImageObject\",\"inLanguage\":\"pl-PL\",\"@id\":\"https:\\\/\\\/www.lraloeverashop.eu\\\/pl\\\/#\\\/schema\\\/logo\\\/image\\\/\",\"url\":\"https:\\\/\\\/www.lraloeverashop.eu\\\/wp-content\\\/uploads\\\/2022\\\/09\\\/cropped-Lr-Aloe-Vera-Shop.jpg\",\"contentUrl\":\"https:\\\/\\\/www.lraloeverashop.eu\\\/wp-content\\\/uploads\\\/2022\\\/09\\\/cropped-Lr-Aloe-Vera-Shop.jpg\",\"width\":228,\"height\":76,\"caption\":\"Sklep Lr Aloe Vera\"},\"image\":{\"@id\":\"https:\\\/\\\/www.lraloeverashop.eu\\\/pl\\\/#\\\/schema\\\/logo\\\/image\\\/\"},\"sameAs\":[\"https:\\\/\\\/www.facebook.com\\\/lraloeverashop.eu\",\"https:\\\/\\\/x.com\\\/natur__kosmetik\",\"https:\\\/\\\/www.youtube.com\\\/channel\\\/UC5oN7BJ8nfYb8RpVtjwDEBA\",\"https:\\\/\\\/www.instagram.com\\\/lrbeautyeu\\\/\"],\"description\":\"Sklep LR Aloe Vera to Twoje zaufane \u017ar\u00f3d\u0142o wysokiej jako\u015bci produkt\u00f3w LR Health & Beauty wyprodukowanych w Niemczech. Oferujemy wysokiej jako\u015bci produkty do piel\u0119gnacji sk\u00f3ry, od\u017cywiania i przeciwstarzeniowe z aloesem, stworzone z czystych sk\u0142adnik\u00f3w i poparte badaniami naukowymi. Odkryj naturaln\u0105 piel\u0119gnacj\u0119, kt\u00f3ra regeneruje, chroni i rewitalizuje Twoj\u0105 sk\u00f3r\u0119 \u2014 i korzystaj z ekskluzywnych comiesi\u0119cznych ofert na nasze bestsellerowe produkty LR Aloe Vera.\\nRozpocznij swoj\u0105 naturaln\u0105 piel\u0119gnacj\u0119 sk\u00f3ry ju\u017c dzi\u015b i poczuj r\u00f3\u017cnic\u0119.\",\"email\":\"info@lraloeverashop.eu\",\"telephone\":\"+49 17670609653\",\"legalName\":\"Lr Aloe Vera Shop\",\"foundingDate\":\"2018-04-21\",\"numberOfEmployees\":{\"@type\":\"QuantitativeValue\",\"minValue\":\"1\",\"maxValue\":\"10\"}}]}<\/script>\n<!-- \/ Yoast SEO Premium plugin. -->","yoast_head_json":{"title":"Polityka prywatno\u015bci Sklep Lr Aloe Vera","description":"Polityka prywatno\u015bci sklepu Lr Aloe Vera oraz informacje o gromadzeniu danych osobowych i dane kontaktowe administratora danych.","robots":{"index":"index","follow":"follow","max-snippet":"max-snippet:-1","max-image-preview":"max-image-preview:large","max-video-preview":"max-video-preview:-1"},"canonical":"https:\/\/www.lraloeverashop.eu\/pl\/polityka-prywatnosci-sklep-lr-aloe-vera\/","og_locale":"pl_PL","og_type":"article","og_title":"Polityka prywatno\u015bci Sklep Lr Aloe Vera","og_description":"Polityka prywatno\u015bci sklepu Lr Aloe Vera oraz informacje o gromadzeniu danych osobowych i dane kontaktowe administratora danych.","og_url":"https:\/\/www.lraloeverashop.eu\/pl\/polityka-prywatnosci-sklep-lr-aloe-vera\/","og_site_name":"Lr Aloe Vera Shop","article_publisher":"https:\/\/www.facebook.com\/lraloeverashop.eu","article_modified_time":"2026-04-26T06:01:14+00:00","og_image":[{"url":"https:\/\/www.it-recht-kanzlei.de\/logo\/Logo_Juristisch_betreut_durch_IT-Recht_Kanzlei.png?i=38428-1ebaa-39c6-907c-1","type":"","width":"","height":""}],"twitter_card":"summary_large_image","twitter_site":"@natur__kosmetik","schema":{"@context":"https:\/\/schema.org","@graph":[{"@type":"WebPage","@id":"https:\/\/www.lraloeverashop.eu\/pl\/polityka-prywatnosci-sklep-lr-aloe-vera\/","url":"https:\/\/www.lraloeverashop.eu\/pl\/polityka-prywatnosci-sklep-lr-aloe-vera\/","name":"Polityka prywatno\u015bci Sklep Lr Aloe Vera","isPartOf":{"@id":"https:\/\/www.lraloeverashop.eu\/pl\/#website"},"primaryImageOfPage":{"@id":"https:\/\/www.lraloeverashop.eu\/pl\/polityka-prywatnosci-sklep-lr-aloe-vera\/#primaryimage"},"image":{"@id":"https:\/\/www.lraloeverashop.eu\/pl\/polityka-prywatnosci-sklep-lr-aloe-vera\/#primaryimage"},"thumbnailUrl":"https:\/\/www.it-recht-kanzlei.de\/logo\/Logo_Juristisch_betreut_durch_IT-Recht_Kanzlei.png?i=38428-1ebaa-39c6-907c-1","datePublished":"2022-09-21T08:12:59+00:00","dateModified":"2026-04-26T06:01:14+00:00","description":"Polityka prywatno\u015bci sklepu Lr Aloe Vera oraz informacje o gromadzeniu danych osobowych i dane kontaktowe administratora danych.","breadcrumb":{"@id":"https:\/\/www.lraloeverashop.eu\/pl\/polityka-prywatnosci-sklep-lr-aloe-vera\/#breadcrumb"},"inLanguage":"pl-PL","potentialAction":[{"@type":"ReadAction","target":["https:\/\/www.lraloeverashop.eu\/pl\/polityka-prywatnosci-sklep-lr-aloe-vera\/"]}]},{"@type":"ImageObject","inLanguage":"pl-PL","@id":"https:\/\/www.lraloeverashop.eu\/pl\/polityka-prywatnosci-sklep-lr-aloe-vera\/#primaryimage","url":"https:\/\/www.it-recht-kanzlei.de\/logo\/Logo_Juristisch_betreut_durch_IT-Recht_Kanzlei.png?i=38428-1ebaa-39c6-907c-1","contentUrl":"https:\/\/www.it-recht-kanzlei.de\/logo\/Logo_Juristisch_betreut_durch_IT-Recht_Kanzlei.png?i=38428-1ebaa-39c6-907c-1"},{"@type":"BreadcrumbList","@id":"https:\/\/www.lraloeverashop.eu\/pl\/polityka-prywatnosci-sklep-lr-aloe-vera\/#breadcrumb","itemListElement":[{"@type":"ListItem","position":1,"name":"Home","item":"https:\/\/www.lraloeverashop.eu\/pl\/"},{"@type":"ListItem","position":2,"name":"Polityka prywatno\u015bci Sklep Lr Aloe Vera"}]},{"@type":"WebSite","@id":"https:\/\/www.lraloeverashop.eu\/pl\/#website","url":"https:\/\/www.lraloeverashop.eu\/pl\/","name":"Lr Aloe Vera Shop","description":"High Quality Lr Aloe Vera Gel, Aloe Vera Cream and Shampoo","publisher":{"@id":"https:\/\/www.lraloeverashop.eu\/pl\/#organization"},"alternateName":"LR","potentialAction":[{"@type":"SearchAction","target":{"@type":"EntryPoint","urlTemplate":"https:\/\/www.lraloeverashop.eu\/pl\/?s={search_term_string}"},"query-input":{"@type":"PropertyValueSpecification","valueRequired":true,"valueName":"search_term_string"}}],"inLanguage":"pl-PL"},{"@type":"Organization","@id":"https:\/\/www.lraloeverashop.eu\/pl\/#organization","name":"Sklep Lr Aloe Vera","alternateName":"LR","url":"https:\/\/www.lraloeverashop.eu\/pl\/","logo":{"@type":"ImageObject","inLanguage":"pl-PL","@id":"https:\/\/www.lraloeverashop.eu\/pl\/#\/schema\/logo\/image\/","url":"https:\/\/www.lraloeverashop.eu\/wp-content\/uploads\/2022\/09\/cropped-Lr-Aloe-Vera-Shop.jpg","contentUrl":"https:\/\/www.lraloeverashop.eu\/wp-content\/uploads\/2022\/09\/cropped-Lr-Aloe-Vera-Shop.jpg","width":228,"height":76,"caption":"Sklep Lr Aloe Vera"},"image":{"@id":"https:\/\/www.lraloeverashop.eu\/pl\/#\/schema\/logo\/image\/"},"sameAs":["https:\/\/www.facebook.com\/lraloeverashop.eu","https:\/\/x.com\/natur__kosmetik","https:\/\/www.youtube.com\/channel\/UC5oN7BJ8nfYb8RpVtjwDEBA","https:\/\/www.instagram.com\/lrbeautyeu\/"],"description":"Sklep LR Aloe Vera to Twoje zaufane \u017ar\u00f3d\u0142o wysokiej jako\u015bci produkt\u00f3w LR Health & Beauty wyprodukowanych w Niemczech. Oferujemy wysokiej jako\u015bci produkty do piel\u0119gnacji sk\u00f3ry, od\u017cywiania i przeciwstarzeniowe z aloesem, stworzone z czystych sk\u0142adnik\u00f3w i poparte badaniami naukowymi. Odkryj naturaln\u0105 piel\u0119gnacj\u0119, kt\u00f3ra regeneruje, chroni i rewitalizuje Twoj\u0105 sk\u00f3r\u0119 \u2014 i korzystaj z ekskluzywnych comiesi\u0119cznych ofert na nasze bestsellerowe produkty LR Aloe Vera.\nRozpocznij swoj\u0105 naturaln\u0105 piel\u0119gnacj\u0119 sk\u00f3ry ju\u017c dzi\u015b i poczuj r\u00f3\u017cnic\u0119.","email":"info@lraloeverashop.eu","telephone":"+49 17670609653","legalName":"Lr Aloe Vera Shop","foundingDate":"2018-04-21","numberOfEmployees":{"@type":"QuantitativeValue","minValue":"1","maxValue":"10"}}]}},"taxonomy_info":[],"featured_image_src_large":false,"author_info":{"display_name":"Stanislav Rurik","author_link":"https:\/\/www.lraloeverashop.eu\/pl\/author\/admin_stanislavrurik\/"},"comment_info":0,"_links":{"self":[{"href":"https:\/\/www.lraloeverashop.eu\/pl\/wp-json\/wp\/v2\/pages\/27676","targetHints":{"allow":["GET"]}}],"collection":[{"href":"https:\/\/www.lraloeverashop.eu\/pl\/wp-json\/wp\/v2\/pages"}],"about":[{"href":"https:\/\/www.lraloeverashop.eu\/pl\/wp-json\/wp\/v2\/types\/page"}],"author":[{"embeddable":true,"href":"https:\/\/www.lraloeverashop.eu\/pl\/wp-json\/wp\/v2\/users\/2"}],"replies":[{"embeddable":true,"href":"https:\/\/www.lraloeverashop.eu\/pl\/wp-json\/wp\/v2\/comments?post=27676"}],"version-history":[{"count":1,"href":"https:\/\/www.lraloeverashop.eu\/pl\/wp-json\/wp\/v2\/pages\/27676\/revisions"}],"predecessor-version":[{"id":30663,"href":"https:\/\/www.lraloeverashop.eu\/pl\/wp-json\/wp\/v2\/pages\/27676\/revisions\/30663"}],"wp:attachment":[{"href":"https:\/\/www.lraloeverashop.eu\/pl\/wp-json\/wp\/v2\/media?parent=27676"}],"curies":[{"name":"wp","href":"https:\/\/api.w.org\/{rel}","templated":true}]}}