{"id":6417,"date":"2022-09-22T13:00:39","date_gmt":"2022-09-22T11:00:39","guid":{"rendered":"https:\/\/www.lraloeverashop.eu\/conditions-generales-boutique-lr-aloe-vera\/"},"modified":"2025-04-13T19:34:21","modified_gmt":"2025-04-13T17:34:21","slug":"conditions-generales","status":"publish","type":"page","link":"https:\/\/www.lraloeverashop.eu\/fr\/conditions-generales\/","title":{"rendered":"Conditions G\u00e9n\u00e9rales Boutique Lr Aloe Vera"},"content":{"rendered":"\n<h1 class=\"wp-block-heading\" id=\"h-general-terms-and-conditions\"><strong>Conditions G\u00e9n\u00e9rales<\/strong><\/h1>\n\n<h2 class=\"wp-block-heading\" id=\"h-table-of-contents\">Table des mati\u00e8res<\/h2>\n\n<ol class=\"wp-block-list\">\n<li>Champ d\u2019application<\/li>\n\n\n\n<li>Conclusion du contrat<\/li>\n\n\n\n<li>Droit de r\u00e9tractation<\/li>\n\n\n\n<li>Prix et conditions de paiement<\/li>\n\n\n\n<li>Conditions d&#8217;exp\u00e9dition et de livraison<\/li>\n\n\n\n<li>R\u00e9serve de propri\u00e9t\u00e9<\/li>\n\n\n\n<li>Garantie<\/li>\n\n\n\n<li>Responsabilit\u00e9<\/li>\n\n\n\n<li>Loi applicable<\/li>\n\n\n\n<li>R\u00e8glement alternatif des litiges<\/li>\n<\/ol>\n\n<h2 class=\"wp-block-heading\" id=\"h-1-scope-of-application\"><strong>1) Champ d&#8217;application<\/strong><\/h2>\n\n<p><strong>1.1<\/strong> Les pr\u00e9sentes conditions g\u00e9n\u00e9rales (ci-apr\u00e8s d\u00e9nomm\u00e9es \u00ab CG \u00bb) de la soci\u00e9t\u00e9 Stanislav Rurik (ci-apr\u00e8s d\u00e9nomm\u00e9 \u00ab Vendeur \u00bb) s&#8217;appliquent \u00e0 tous les contrats conclus entre un consommateur ou un commer\u00e7ant (ci-apr\u00e8s d\u00e9nomm\u00e9 \u00ab Client \u00bb) et le Vendeur concernant tous les biens et\/ou services pr\u00e9sent\u00e9s dans la boutique en ligne du Vendeur. L&#8217;inclusion des propres conditions du client est par la pr\u00e9sente refus\u00e9e, \u00e0 moins que d&#8217;autres conditions n&#8217;aient \u00e9t\u00e9 stipul\u00e9es.<\/p>\n\n<p><strong>1.2<\/strong> Un consommateur au sens des pr\u00e9sentes CGV est toute personne physique qui conclut une transaction juridique dans un but qui n&#8217;est ni principalement commercial ni ind\u00e9pendant.<\/p>\n\n<p><strong>1.3<\/strong> Un commer\u00e7ant au sens des pr\u00e9sentes CGV est une personne physique ou morale ou une soci\u00e9t\u00e9 de personnes dot\u00e9e de la capacit\u00e9 juridique qui, lors de la conclusion d&#8217;un acte juridique, agit dans l&#8217;exercice de son activit\u00e9 professionnelle commerciale ou ind\u00e9pendante.<\/p>\n\n<h2 class=\"wp-block-heading\" id=\"h-2-conclusion-of-the-contract\"><strong>2) Conclusion du contrat<\/strong><\/h2>\n\n<p><strong>2.1<\/strong> Les descriptions de produits dans la boutique en ligne du vendeur ne constituent pas des offres fermes de la part du vendeur, mais servent uniquement \u00e0 soumettre une offre ferme par le client.<\/p>\n\n<p><strong>2.2<\/strong> Le Client peut soumettre son offre via le formulaire de commande en ligne int\u00e9gr\u00e9 \u00e0 la boutique en ligne du Vendeur. Ce faisant, apr\u00e8s avoir plac\u00e9 les produits et\/ou services s\u00e9lectionn\u00e9s dans le panier virtuel et finalis\u00e9 le processus de commande, et en cliquant sur le bouton de finalisation, le Client soumet une offre contractuelle ferme concernant les produits et\/ou services contenus dans le panier.<\/p>\n\n<p><strong>2.3<\/strong> Le Vendeur peut accepter l&#8217;offre du Client dans un d\u00e9lai de cinq jours,<br\/>&#8211; par l&#8217;envoi d&#8217;une confirmation de commande \u00e9crite ou par \u00e9crit (fax ou e-mail)\u00a0; si la r\u00e9ception de la confirmation de commande par le Client est d\u00e9terminante\u00a0; ou<br\/>&#8211; par la livraison des produits command\u00e9s au Client\u00a0; si la r\u00e9ception des produits par le Client est d\u00e9terminante\u00a0; ou<br\/>&#8211; en demandant au Client de payer apr\u00e8s avoir pass\u00e9 sa commande.<\/p>\n\n<p>Si plusieurs des alternatives susmentionn\u00e9es s&#8217;appliquent, le contrat est conclu d\u00e8s la premi\u00e8re survenance de l&#8217;une d&#8217;elles. Si le Vendeur n&#8217;accepte pas l&#8217;offre du Client dans le d\u00e9lai susmentionn\u00e9, cela sera consid\u00e9r\u00e9 comme un rejet de l&#8217;offre, le Client n&#8217;\u00e9tant plus li\u00e9 par sa d\u00e9claration d&#8217;intention.<\/p>\n\n<p><strong>2.4<\/strong> Si un mode de paiement propos\u00e9 par PayPal est s\u00e9lectionn\u00e9, le paiement sera trait\u00e9 par le prestataire de services de paiement PayPal (Europe) S.\u00e0 r.l. et Cie, S.C.A., 22-24 Boulevard Royal, L-2449 Luxembourg (ci-apr\u00e8s d\u00e9nomm\u00e9e \u00ab\u00a0PayPal\u00a0\u00bb), sous r\u00e9serve des Conditions d&#8217;utilisation de PayPal, disponibles \u00e0 l&#8217;adresse <a href=\"https:\/\/www.paypal.com\/de\/webapps\/mpp\/ua\/useragreement-full?locale.x=en_DE\">https:\/\/www.paypal.com\/de\/webapps\/mpp\/ua\/useragreement-full?locale.x=en_DE<\/a> ou, si le Client ne poss\u00e8de pas de compte PayPal, des Conditions de paiement sans compte PayPal, disponibles \u00e0 l&#8217;adresse <a href=\"https:\/\/www.paypal.com\/uk\/webapps\/mpp\/ua\/privacywax-full\">https:\/\/www.paypal.com\/uk\/webapps\/mpp\/ua\/privacywax-full<\/a>. Si le Client paie par un mode de paiement propos\u00e9 par PayPal et s\u00e9lectionn\u00e9 lors de la commande en ligne, le Vendeur d\u00e9clare accepter l&#8217;offre du Client au moment o\u00f9 celui-ci clique sur le bouton de finalisation de la commande.<\/p>\n\n<p><strong>2.5<\/strong> Lors de la soumission d&#8217;une offre via le formulaire de commande en ligne du Vendeur, le texte du contrat est enregistr\u00e9 par le Vendeur apr\u00e8s sa conclusion et transmis au Client sous forme de texte (par exemple, par e-mail, fax ou courrier) apr\u00e8s l&#8217;envoi de la commande. Le Vendeur ne rend pas le texte du contrat accessible au-del\u00e0 de cette date. Si le Client a cr\u00e9\u00e9 un compte utilisateur sur la boutique en ligne du Vendeur avant de passer sa commande, les donn\u00e9es de la commande sont enregistr\u00e9es sur le site web du Vendeur et peuvent \u00eatre consult\u00e9es gratuitement via son compte utilisateur prot\u00e9g\u00e9 par mot de passe en indiquant les identifiants correspondants.<\/p>\n\n<p><strong>2.6<\/strong> Avant de soumettre une commande ferme via le formulaire de commande en ligne du Vendeur, le Client peut d\u00e9tecter les erreurs de saisie en lisant attentivement les informations affich\u00e9es \u00e0 l&#8217;\u00e9cran. La fonction d&#8217;agrandissement du navigateur permettant d&#8217;agrandir l&#8217;\u00e9cran peut \u00eatre un moyen efficace de mieux d\u00e9tecter les erreurs de saisie.<br\/>Le Client peut corriger toutes les donn\u00e9es saisies \u00e0 l&#8217;aide des fonctions habituelles du clavier et de la souris pendant le processus de commande \u00e9lectronique, jusqu&#8217;\u00e0 ce qu&#8217;il clique sur le bouton finalisant la commande.<\/p>\n\n<p><strong>2.7<\/strong> La conclusion du contrat s&#8217;effectue exclusivement en allemand et en anglais.<\/p>\n\n<p><strong>2.8<\/strong> Le traitement des commandes et la prise de contact s&#8217;effectuent g\u00e9n\u00e9ralement par e-mail et par traitement automatis\u00e9 des commandes. Il incombe au Client de s&#8217;assurer que l&#8217;adresse e-mail fournie pour le traitement de la commande est exacte afin de pouvoir recevoir les e-mails envoy\u00e9s par le Vendeur. En particulier, il incombe au Client, en cas d&#8217;utilisation de filtres anti-spam, de s&#8217;assurer que tous les e-mails envoy\u00e9s par le Vendeur ou par des tiers mandat\u00e9s par lui pour le traitement de la commande puissent \u00eatre livr\u00e9s.<\/p>\n\n<h2 class=\"wp-block-heading\" id=\"h-3-right-to-cancel\"><strong>3) Droit de r\u00e9tractation<\/strong><\/h2>\n\n<p><strong>3.1<\/strong> Les consommateurs b\u00e9n\u00e9ficient d&#8217;un droit de r\u00e9tractation.<\/p>\n\n<p><strong>3.2<\/strong> Des informations d\u00e9taill\u00e9es sur le droit de r\u00e9tractation sont disponibles dans les instructions de r\u00e9tractation du Vendeur.<\/p>\n\n<p><strong>3.3<\/strong> Le droit de r\u00e9tractation ne s&#8217;applique pas aux consommateurs qui ne sont pas ressortissants d&#8217;un \u00c9tat membre de l&#8217;Union europ\u00e9enne au moment de la conclusion du contrat et dont le domicile et l&#8217;adresse de livraison exclusifs sont situ\u00e9s en dehors de l&#8217;Union europ\u00e9enne au moment de la conclusion du contrat.<\/p>\n\n<h2 class=\"wp-block-heading\" id=\"h-4-prices-and-payment-conditions\"><strong>4) Prix et conditions de paiement<\/strong><\/h2>\n\n<p><strong>4.1<\/strong> Sauf mention contraire dans la description du produit par le Vendeur, les prix indiqu\u00e9s sont des prix totaux incluant la TVA. Les frais de livraison, le cas \u00e9ch\u00e9ant, seront indiqu\u00e9s s\u00e9par\u00e9ment dans la description du produit concern\u00e9.<\/p>\n\n<p><strong>4.2<\/strong> Le paiement peut \u00eatre effectu\u00e9 par l&#8217;un des moyens de paiement mentionn\u00e9s dans la boutique en ligne du Vendeur.<\/p>\n\n<p><strong>4.3<\/strong> En cas de livraison dans des pays hors de l&#8217;Union europ\u00e9enne, des frais suppl\u00e9mentaires peuvent survenir dans des cas individuels dont le vendeur n&#8217;est pas responsable et qui doivent \u00eatre support\u00e9s par le client. Cela inclut par exemple les frais de transfert pr\u00e9lev\u00e9s par les instituts bancaires (frais de transfert, frais de change) ou les droits ou taxes d&#8217;importation (douanes). De tels frais de transfert d&#8217;argent peuvent \u00e9galement \u00eatre engag\u00e9s si la livraison n&#8217;est pas effectu\u00e9e dans un pays hors de l&#8217;Union Europ\u00e9enne et que le Client effectue le paiement depuis un pays hors de l&#8217;Union Europ\u00e9enne.<\/p>\n\n<p><strong>4.4<\/strong> Si un paiement anticip\u00e9 par virement bancaire a \u00e9t\u00e9 convenu, le paiement est d\u00fb imm\u00e9diatement apr\u00e8s la conclusion du contrat, sauf si les parties ont convenu d&#8217;une \u00e9ch\u00e9ance ult\u00e9rieure.<\/p>\n\n<p><strong>4.5<\/strong> Si un mode de paiement propos\u00e9 par PayPal est s\u00e9lectionn\u00e9, le paiement sera trait\u00e9 via PayPal. PayPal peut \u00e9galement faire appel \u00e0 des prestataires de services de paiement tiers \u00e0 cette fin. Si le vendeur propose \u00e9galement des modes de paiement via PayPal impliquant des paiements anticip\u00e9s au client (par exemple, achat sur facture ou paiement \u00e9chelonn\u00e9), il c\u00e8de sa cr\u00e9ance \u00e0 PayPal ou au prestataire de services de paiement mandat\u00e9 par PayPal et sp\u00e9cifiquement d\u00e9sign\u00e9 pour le client. Avant d&#8217;accepter la d\u00e9claration de cession du vendeur, PayPal ou le prestataire de services de paiement mandat\u00e9 par PayPal effectuera une v\u00e9rification de solvabilit\u00e9 \u00e0 l&#8217;aide des donn\u00e9es client transmises. Le vendeur se r\u00e9serve le droit de refuser le mode de paiement s\u00e9lectionn\u00e9 par le client en cas de contr\u00f4le n\u00e9gatif. Si le mode de paiement s\u00e9lectionn\u00e9 est accept\u00e9, le client doit r\u00e9gler le montant de la facture dans le d\u00e9lai ou selon les intervalles de paiement convenus. Dans ce cas, il ne peut effectuer le paiement qu&#8217;\u00e0 PayPal ou au prestataire de services de paiement mandat\u00e9 par PayPal, avec effet lib\u00e9ratoire. Toutefois, m\u00eame en cas de cession de cr\u00e9ances, le vendeur reste responsable des demandes g\u00e9n\u00e9rales des clients, par exemple concernant les marchandises, le d\u00e9lai de livraison, l&#8217;exp\u00e9dition, les retours, les r\u00e9clamations, les d\u00e9clarations d&#8217;annulation et les livraisons ou avoirs.<\/p>\n\n<p><strong>4.6<\/strong> Si un mode de paiement propos\u00e9 par le service de paiement \u00ab\u00a0Klarna\u00a0\u00bb est s\u00e9lectionn\u00e9, le paiement sera trait\u00e9 par Klarna Bank AB (<a href=\"https:\/\/www.klarna.com\/international\/\" target=\"_blank\" rel=\"noreferrer noopener\">https:\/\/www.klarna.com\/international\/<\/a>, Sveav\u00e4gen 46, 111 34 Stockholm, Sweden (hereinafter &#8220;Klarna&#8221;). De plus amples informations et les conditions g\u00e9n\u00e9rales de Klarna sont disponibles ici: <a href=\"https:\/\/www.klarna.com\">https:\/\/www.klarna.com<\/a><\/p>\n\n<h2 class=\"wp-block-heading\" id=\"h-5-shipment-and-delivery-conditions\"><strong>5) Conditions d&#8217;exp\u00e9dition et de livraison<\/strong><\/h2>\n\n<p><strong>5.1<\/strong> Si le vendeur propose d&#8217;exp\u00e9dier les marchandises, la livraison sera effectu\u00e9e dans la zone de livraison indiqu\u00e9e par le vendeur \u00e0 l&#8217;adresse de livraison indiqu\u00e9e par le client, sauf accord contraire. Lors du traitement de la transaction, l&#8217;adresse de livraison indiqu\u00e9e lors du traitement de la commande par le vendeur fait foi. Par d\u00e9rogation, si le mode de paiement PayPal est s\u00e9lectionn\u00e9, l&#8217;adresse de livraison indiqu\u00e9e par le Client aupr\u00e8s de PayPal lors du paiement est d\u00e9terminante.<\/p>\n\n<p><strong>5.2 <\/strong>Pour tous les envois qui ne peuvent pas \u00eatre livr\u00e9s au Client, DHL organise le retour \u00e0 l\u2019adresse de l\u2019exp\u00e9diteur d\u2019origine. Les frais de port ne seront pas rembours\u00e9s et des frais de retour de 4 euros seront factur\u00e9s au Client.<br\/><br\/>Ceci ne s\u2019applique pas, si le Client exerce effectivement son droit de r\u00e9tractation, si la livraison ne peut \u00eatre effectu\u00e9e en raison de circonstances ind\u00e9pendantes de la volont\u00e9 du Client ou s\u2019il a \u00e9t\u00e9 temporairement emp\u00each\u00e9 de recevoir le service propos\u00e9, sauf si le Vendeur a inform\u00e9 le Client de la service dans un d\u00e9lai raisonnable \u00e0 l\u2019avance.<\/p>\n\n<p><strong>Le d\u00e9lai de livraison dans l&#8217;UE est de 4 \u00e0 10 jours ouvr\u00e9s. Pour les pays hors UE, ce d\u00e9lai peut varier. Le d\u00e9lai d\u00e9pend de la soci\u00e9t\u00e9 de transport DHL.<\/strong>,<\/p>\n\n<p><strong>5.3<\/strong> L&#8217;enl\u00e8vement en personne est impossible pour des raisons logistiques.<\/p>\n\n<p><strong>5.4<\/strong> Le Vendeur se r\u00e9serve le droit de r\u00e9silier le contrat en cas de livraison incorrecte ou inappropri\u00e9e. Cette disposition ne s&#8217;applique que si le Vendeur n&#8217;est pas responsable de la non-livraison et s&#8217;il a conclu une transaction de couverture concr\u00e8te avec le fournisseur. Le Vendeur s&#8217;engage \u00e0 mettre en \u0153uvre tous les efforts raisonnables pour obtenir la marchandise. En cas d&#8217;indisponibilit\u00e9 totale ou partielle des marchandises, il devra en informer le Client et lui accorder imm\u00e9diatement une compensation.<\/p>\n\n<h2 class=\"wp-block-heading\" id=\"h-6-reservation-of-proprietary-rights\"><strong>6) R\u00e9servation des droits de propri\u00e9t\u00e9<\/strong><\/h2>\n\n<p>Si le Vendeur effectue des livraisons anticip\u00e9es, il conserve la propri\u00e9t\u00e9 des marchandises livr\u00e9es jusqu&#8217;au paiement int\u00e9gral du prix d&#8217;achat d\u00fb.<\/p>\n\n<h2 class=\"wp-block-heading\" id=\"h-7-warranty\"><strong>7) Garantie<\/strong><\/h2>\n\n<p><strong>7.1<\/strong> Sauf stipulation contraire, les dispositions l\u00e9gales relatives \u00e0 la responsabilit\u00e9 pour vices cach\u00e9s s&#8217;appliquent. Par d\u00e9rogation, les dispositions suivantes s&#8217;appliquent aux contrats de livraison de marchandises:<\/p>\n\n<p><strong>7.2<\/strong> Si le Client agit en qualit\u00e9 de commer\u00e7ant<\/p>\n\n<ul class=\"wp-block-list\">\n<li>Le Vendeur peut choisir le mode d&#8217;ex\u00e9cution ult\u00e9rieure.<\/li>\n\n\n\n<li>Pour les marchandises neuves, le d\u00e9lai de prescription pour les r\u00e9clamations pour vices cach\u00e9s est d&#8217;un an \u00e0 compter de la livraison.<\/li>\n\n\n\n<li>Pour les marchandises d&#8217;occasion, les droits et r\u00e9clamations pour vices cach\u00e9s sont exclus.<\/li>\n\n\n\n<li>Le d\u00e9lai de prescription ne recommence pas \u00e0 courir si une livraison de remplacement est effectu\u00e9e dans le cadre de la responsabilit\u00e9 pour vices cach\u00e9s.<\/li>\n<\/ul>\n\n<p><strong>7.3<\/strong> Les limitations de responsabilit\u00e9 et la r\u00e9duction du d\u00e9lai de prescription susmentionn\u00e9es ne s&#8217;appliquent pas<\/p>\n\n<ul class=\"wp-block-list\">\n<li>aux demandes de dommages et int\u00e9r\u00eats et au remboursement des frais du Client,<\/li>\n\n\n\n<li>si le Vendeur a dissimul\u00e9 frauduleusement le d\u00e9faut,<\/li>\n\n\n\n<li>aux marchandises ayant \u00e9t\u00e9 utilis\u00e9es conform\u00e9ment \u00e0 leur usage habituel pour un b\u00e2timent et ayant caus\u00e9 sa d\u00e9fectuosit\u00e9,<\/li>\n\n\n\n<li>\u00e0 toute obligation existante du Vendeur de fournir des mises \u00e0 jour pour les produits num\u00e9riques dans le cadre de contrats de fourniture de marchandises comportant des \u00e9l\u00e9ments num\u00e9riques.<\/li>\n<\/ul>\n\n<p><strong>7.4<\/strong> En outre, pour les commer\u00e7ants, les d\u00e9lais de prescription l\u00e9gaux pour tout droit de recours l\u00e9gal existant restent inchang\u00e9s.<\/p>\n\n<p><strong>7.5<\/strong> Si le Client est un commer\u00e7ant au sens de l&#8217;article 1 du Code de commerce allemand (HGB), il a l&#8217;obligation commerciale d&#8217;examiner les marchandises et de signaler les d\u00e9fauts au Vendeur conform\u00e9ment \u00e0 l&#8217;article 377 du HGB. En cas de manquement du Client aux obligations de d\u00e9claration qui y sont pr\u00e9vues, les marchandises seront r\u00e9put\u00e9es accept\u00e9es.<\/p>\n\n<p><strong>7.6<\/strong> Si le Client agit en tant que consommateur, le transporteur doit \u00eatre imm\u00e9diatement inform\u00e9 de tout dommage de transport \u00e9vident et le Vendeur doit en \u00eatre inform\u00e9. Le non-respect de ces conditions par le Client n&#8217;affecte pas ses droits l\u00e9gaux ou contractuels en cas de d\u00e9faut.<\/p>\n\n<h2 class=\"wp-block-heading\" id=\"h-8-liability\">8) Responsabilit\u00e9<\/h2>\n\n<p>Le Vendeur est responsable envers le Client de toutes les demandes contractuelles, quasi-contractuelles et l\u00e9gales, y compris les demandes d\u00e9lictuelles de dommages et int\u00e9r\u00eats et de remboursement de frais, comme suit:<\/p>\n\n<p><strong>8.1<\/strong> La responsabilit\u00e9 du Vendeur est illimit\u00e9e, quel que soit le motif juridique<\/p>\n\n<ul class=\"wp-block-list\">\n<li>en cas de faute intentionnelle ou de n\u00e9gligence grave,<\/li>\n\n\n\n<li>en cas d&#8217;atteinte intentionnelle ou par n\u00e9gligence \u00e0 la vie, \u00e0 l&#8217;int\u00e9grit\u00e9 physique ou \u00e0 la sant\u00e9,<\/li>\n\n\n\n<li>en raison d&#8217;une promesse de garantie, sauf disposition contraire,<\/li>\n\n\n\n<li>en raison d&#8217;une responsabilit\u00e9 obligatoire telle que pr\u00e9vue par la loi allemande sur la responsabilit\u00e9 du fait des produits (Produkthaftungsgesetz).<\/li>\n<\/ul>\n\n<p><strong>8.2<\/strong> Si le Vendeur viole par n\u00e9gligence une obligation contractuelle essentielle, sa responsabilit\u00e9 est limit\u00e9e au dommage typique du contrat et pr\u00e9visible, sauf si la responsabilit\u00e9 illimit\u00e9e s&#8217;applique conform\u00e9ment au paragraphe pr\u00e9c\u00e9dent. Les obligations contractuelles essentielles sont celles que le contrat impose au Vendeur, conform\u00e9ment \u00e0 son contenu, afin d&#8217;atteindre l&#8217;objet du contrat, dont l&#8217;ex\u00e9cution permet en premier lieu la bonne ex\u00e9cution du contrat et dont le Client peut r\u00e9guli\u00e8rement se fier au respect.<\/p>\n\n<p><strong>8.3<\/strong> Par ailleurs, la responsabilit\u00e9 du Vendeur est exclue.<\/p>\n\n<p><strong>8.4<\/strong> Les dispositions de responsabilit\u00e9 ci-dessus s&#8217;appliquent \u00e9galement \u00e0 la responsabilit\u00e9 du Vendeur envers ses auxiliaires d&#8217;ex\u00e9cution et repr\u00e9sentants l\u00e9gaux.<\/p>\n\n<h2 class=\"wp-block-heading\" id=\"h-9-applicable-law\"><strong>9) Loi applicable<\/strong><\/h2>\n\n<p><strong>8.1<\/strong> Le droit de la R\u00e9publique f\u00e9d\u00e9rale d&#8217;Allemagne s&#8217;applique \u00e0 toutes les relations juridiques entre les parties \u00e0 l&#8217;exclusion du droit r\u00e9gissant l&#8217;achat international de biens meubles. Pour les consommateurs, ce choix de droit ne s&#8217;applique que dans la mesure o\u00f9 la protection accord\u00e9e n&#8217;est pas retir\u00e9e par des dispositions imp\u00e9ratives du droit du pays dans lequel le consommateur a sa r\u00e9sidence habituelle.<\/p>\n\n<p><strong>9.2<\/strong> Concernant le droit de r\u00e9tractation l\u00e9gal, ce choix de loi ne s&#8217;applique pas aux consommateurs qui n&#8217;appartiennent pas \u00e0 un \u00c9tat membre de l&#8217;Union europ\u00e9enne au moment de la conclusion du contrat et dont le seul lieu de r\u00e9sidence et l&#8217;adresse de livraison se trouvent en dehors de l&#8217;Union europ\u00e9enne au moment de la conclusion du contrat.<\/p>\n\n<h2 class=\"wp-block-heading\" id=\"h-10-alternative-dispute-resolution\"><strong>10) Modes alternatifs de r\u00e8glement des litiges<\/strong><\/h2>\n\n<p>Le Vendeur n&#8217;est ni tenu ni dispos\u00e9 \u00e0 participer \u00e0 une proc\u00e9dure de r\u00e8glement des litiges devant un organisme de r\u00e8glement extrajudiciaire des litiges.<\/p>\n\n<p>Leinfelden-Echterdingen, 13.04.2025.<\/p>\n\n<a href=\"https:\/\/www.it-recht-kanzlei.de\/\" target=\"_blank\"><img decoding=\"async\" src=\"https:\/\/www.it-recht-kanzlei.de\/logo\/Logo_Juristisch_betreut_durch_IT-Recht_Kanzlei.png?i=38428-1ebaa-39c6-907c-1\" alt=\"Vertreten durch die IT-Recht Kanzlei\"\/><\/a><br\/>\n\n<p><\/p>\n","protected":false},"excerpt":{"rendered":"<p>Conditions G\u00e9n\u00e9rales Table des mati\u00e8res 1) Champ d&#8217;application 1.1 Les pr\u00e9sentes conditions g\u00e9n\u00e9rales (ci-apr\u00e8s d\u00e9nomm\u00e9es \u00ab CG \u00bb) de la soci\u00e9t\u00e9 Stanislav Rurik (ci-apr\u00e8s d\u00e9nomm\u00e9 \u00ab Vendeur \u00bb) s&#8217;appliquent \u00e0 tous les contrats conclus entre un consommateur ou un commer\u00e7ant (ci-apr\u00e8s d\u00e9nomm\u00e9 \u00ab Client \u00bb) et le Vendeur concernant tous les biens et\/ou services pr\u00e9sent\u00e9s&#8230;<\/p>\n","protected":false},"author":2,"featured_media":0,"parent":0,"menu_order":0,"comment_status":"closed","ping_status":"closed","template":"","meta":{"_kad_blocks_custom_css":"","_kad_blocks_head_custom_js":"","_kad_blocks_body_custom_js":"","_kad_blocks_footer_custom_js":"","_kadence_starter_templates_imported_post":false,"_kad_post_transparent":"","_kad_post_title":"","_kad_post_layout":"","_kad_post_sidebar_id":"","_kad_post_content_style":"","_kad_post_vertical_padding":"","_kad_post_feature":"","_kad_post_feature_position":"","_kad_post_header":false,"_kad_post_footer":false,"_kad_post_classname":"","footnotes":""},"class_list":["post-6417","page","type-page","status-publish","hentry"],"yoast_head":"<!-- This site is optimized with the Yoast SEO Premium plugin v27.4 (Yoast SEO v27.4) - https:\/\/yoast.com\/product\/yoast-seo-premium-wordpress\/ -->\n<title>Conditions G\u00e9n\u00e9rales de Boutique Lr Aloe Vera<\/title>\n<meta name=\"description\" content=\"Les pr\u00e9sentes Conditions G\u00e9n\u00e9rales de Boutique Lr Aloe Vera s\u2019appliquent \u00e0 tous les contrats conclus entre un consommateur et le Vendeur\" \/>\n<meta name=\"robots\" content=\"index, follow, max-snippet:-1, max-image-preview:large, max-video-preview:-1\" \/>\n<link rel=\"canonical\" href=\"https:\/\/www.lraloeverashop.eu\/fr\/conditions-generales\/\" \/>\n<meta property=\"og:locale\" content=\"fr_FR\" \/>\n<meta property=\"og:type\" content=\"article\" \/>\n<meta property=\"og:title\" content=\"Conditions G\u00e9n\u00e9rales Boutique Lr Aloe Vera\" \/>\n<meta property=\"og:description\" content=\"Les pr\u00e9sentes Conditions G\u00e9n\u00e9rales de Boutique Lr Aloe Vera s\u2019appliquent \u00e0 tous les contrats conclus entre un consommateur et le Vendeur\" \/>\n<meta property=\"og:url\" content=\"https:\/\/www.lraloeverashop.eu\/fr\/conditions-generales\/\" \/>\n<meta property=\"og:site_name\" content=\"Boutique Lr Aloe Vera\" \/>\n<meta property=\"article:publisher\" content=\"https:\/\/www.facebook.com\/lraloeverashop.eu\" \/>\n<meta property=\"article:modified_time\" content=\"2025-04-13T17:34:21+00:00\" \/>\n<meta property=\"og:image\" content=\"https:\/\/www.it-recht-kanzlei.de\/logo\/Logo_Juristisch_betreut_durch_IT-Recht_Kanzlei.png?i=38428-1ebaa-39c6-907c-1\" \/>\n<meta name=\"twitter:card\" content=\"summary_large_image\" \/>\n<meta name=\"twitter:site\" content=\"@natur__kosmetik\" \/>\n<script type=\"application\/ld+json\" class=\"yoast-schema-graph\">{\"@context\":\"https:\\\/\\\/schema.org\",\"@graph\":[{\"@type\":\"WebPage\",\"@id\":\"https:\\\/\\\/www.lraloeverashop.eu\\\/fr\\\/conditions-generales\\\/\",\"url\":\"https:\\\/\\\/www.lraloeverashop.eu\\\/fr\\\/conditions-generales\\\/\",\"name\":\"Conditions G\u00e9n\u00e9rales de Boutique Lr Aloe Vera\",\"isPartOf\":{\"@id\":\"https:\\\/\\\/www.lraloeverashop.eu\\\/fr\\\/#website\"},\"primaryImageOfPage\":{\"@id\":\"https:\\\/\\\/www.lraloeverashop.eu\\\/fr\\\/conditions-generales\\\/#primaryimage\"},\"image\":{\"@id\":\"https:\\\/\\\/www.lraloeverashop.eu\\\/fr\\\/conditions-generales\\\/#primaryimage\"},\"thumbnailUrl\":\"https:\\\/\\\/www.it-recht-kanzlei.de\\\/logo\\\/Logo_Juristisch_betreut_durch_IT-Recht_Kanzlei.png?i=38428-1ebaa-39c6-907c-1\",\"datePublished\":\"2022-09-22T11:00:39+00:00\",\"dateModified\":\"2025-04-13T17:34:21+00:00\",\"description\":\"Les pr\u00e9sentes Conditions G\u00e9n\u00e9rales de Boutique Lr Aloe Vera s\u2019appliquent \u00e0 tous les contrats conclus entre un consommateur et le Vendeur\",\"breadcrumb\":{\"@id\":\"https:\\\/\\\/www.lraloeverashop.eu\\\/fr\\\/conditions-generales\\\/#breadcrumb\"},\"inLanguage\":\"fr-FR\",\"potentialAction\":[{\"@type\":\"ReadAction\",\"target\":[\"https:\\\/\\\/www.lraloeverashop.eu\\\/fr\\\/conditions-generales\\\/\"]}]},{\"@type\":\"ImageObject\",\"inLanguage\":\"fr-FR\",\"@id\":\"https:\\\/\\\/www.lraloeverashop.eu\\\/fr\\\/conditions-generales\\\/#primaryimage\",\"url\":\"https:\\\/\\\/www.it-recht-kanzlei.de\\\/logo\\\/Logo_Juristisch_betreut_durch_IT-Recht_Kanzlei.png?i=38428-1ebaa-39c6-907c-1\",\"contentUrl\":\"https:\\\/\\\/www.it-recht-kanzlei.de\\\/logo\\\/Logo_Juristisch_betreut_durch_IT-Recht_Kanzlei.png?i=38428-1ebaa-39c6-907c-1\"},{\"@type\":\"BreadcrumbList\",\"@id\":\"https:\\\/\\\/www.lraloeverashop.eu\\\/fr\\\/conditions-generales\\\/#breadcrumb\",\"itemListElement\":[{\"@type\":\"ListItem\",\"position\":1,\"name\":\"Home\",\"item\":\"https:\\\/\\\/www.lraloeverashop.eu\\\/fr\\\/\"},{\"@type\":\"ListItem\",\"position\":2,\"name\":\"Conditions G\u00e9n\u00e9rales Boutique Lr Aloe Vera\"}]},{\"@type\":\"WebSite\",\"@id\":\"https:\\\/\\\/www.lraloeverashop.eu\\\/fr\\\/#website\",\"url\":\"https:\\\/\\\/www.lraloeverashop.eu\\\/fr\\\/\",\"name\":\"Boutique Lr Aloe Vera\",\"description\":\"High Quality Lr Aloe Vera Gel, Aloe Vera Cream and Shampoo\",\"publisher\":{\"@id\":\"https:\\\/\\\/www.lraloeverashop.eu\\\/fr\\\/#organization\"},\"potentialAction\":[{\"@type\":\"SearchAction\",\"target\":{\"@type\":\"EntryPoint\",\"urlTemplate\":\"https:\\\/\\\/www.lraloeverashop.eu\\\/fr\\\/?s={search_term_string}\"},\"query-input\":{\"@type\":\"PropertyValueSpecification\",\"valueRequired\":true,\"valueName\":\"search_term_string\"}}],\"inLanguage\":\"fr-FR\"},{\"@type\":\"Organization\",\"@id\":\"https:\\\/\\\/www.lraloeverashop.eu\\\/fr\\\/#organization\",\"name\":\"Boutique Lr Aloe Vera\",\"alternateName\":\"LR\",\"url\":\"https:\\\/\\\/www.lraloeverashop.eu\\\/fr\\\/\",\"logo\":{\"@type\":\"ImageObject\",\"inLanguage\":\"fr-FR\",\"@id\":\"https:\\\/\\\/www.lraloeverashop.eu\\\/fr\\\/#\\\/schema\\\/logo\\\/image\\\/\",\"url\":\"https:\\\/\\\/www.lraloeverashop.eu\\\/wp-content\\\/uploads\\\/2022\\\/09\\\/cropped-Lr-Aloe-Vera-Shop.jpg\",\"contentUrl\":\"https:\\\/\\\/www.lraloeverashop.eu\\\/wp-content\\\/uploads\\\/2022\\\/09\\\/cropped-Lr-Aloe-Vera-Shop.jpg\",\"width\":228,\"height\":76,\"caption\":\"Boutique Lr Aloe Vera\"},\"image\":{\"@id\":\"https:\\\/\\\/www.lraloeverashop.eu\\\/fr\\\/#\\\/schema\\\/logo\\\/image\\\/\"},\"sameAs\":[\"https:\\\/\\\/www.facebook.com\\\/lraloeverashop.eu\",\"https:\\\/\\\/x.com\\\/natur__kosmetik\",\"https:\\\/\\\/www.youtube.com\\\/channel\\\/UC5oN7BJ8nfYb8RpVtjwDEBA\",\"https:\\\/\\\/www.instagram.com\\\/lrbeautyeu\\\/\"],\"description\":\"La boutique LR Aloe Vera est votre destination de confiance pour les produits de sant\u00e9 et de beaut\u00e9 haut de gamme LR, fabriqu\u00e9s en Allemagne. Nous proposons des soins de la peau, des compl\u00e9ments nutritionnels et des solutions anti-\u00e2ge \u00e0 l'aloe vera de haute qualit\u00e9, \u00e9labor\u00e9s \u00e0 partir d'ingr\u00e9dients purs et valid\u00e9s par la recherche scientifique. D\u00e9couvrez des soins naturels qui r\u00e9g\u00e9n\u00e8rent, prot\u00e8gent et revitalisent votre peau, et profitez d'offres mensuelles exclusives sur nos produits LR Aloe Vera les plus vendus.\\n\\nCommencez d\u00e8s aujourd'hui votre parcours vers des soins naturels et constatez la diff\u00e9rence.\",\"email\":\"info@lraloeverashop.eu\",\"telephone\":\"+49 17670609653\",\"legalName\":\"Lr Aloe Vera Shop\",\"foundingDate\":\"2018-04-21\",\"numberOfEmployees\":{\"@type\":\"QuantitativeValue\",\"minValue\":\"1\",\"maxValue\":\"10\"}}]}<\/script>\n<!-- \/ Yoast SEO Premium plugin. -->","yoast_head_json":{"title":"Conditions G\u00e9n\u00e9rales de Boutique Lr Aloe Vera","description":"Les pr\u00e9sentes Conditions G\u00e9n\u00e9rales de Boutique Lr Aloe Vera s\u2019appliquent \u00e0 tous les contrats conclus entre un consommateur et le Vendeur","robots":{"index":"index","follow":"follow","max-snippet":"max-snippet:-1","max-image-preview":"max-image-preview:large","max-video-preview":"max-video-preview:-1"},"canonical":"https:\/\/www.lraloeverashop.eu\/fr\/conditions-generales\/","og_locale":"fr_FR","og_type":"article","og_title":"Conditions G\u00e9n\u00e9rales Boutique Lr Aloe Vera","og_description":"Les pr\u00e9sentes Conditions G\u00e9n\u00e9rales de Boutique Lr Aloe Vera s\u2019appliquent \u00e0 tous les contrats conclus entre un consommateur et le Vendeur","og_url":"https:\/\/www.lraloeverashop.eu\/fr\/conditions-generales\/","og_site_name":"Boutique Lr Aloe Vera","article_publisher":"https:\/\/www.facebook.com\/lraloeverashop.eu","article_modified_time":"2025-04-13T17:34:21+00:00","og_image":[{"url":"https:\/\/www.it-recht-kanzlei.de\/logo\/Logo_Juristisch_betreut_durch_IT-Recht_Kanzlei.png?i=38428-1ebaa-39c6-907c-1","type":"","width":"","height":""}],"twitter_card":"summary_large_image","twitter_site":"@natur__kosmetik","schema":{"@context":"https:\/\/schema.org","@graph":[{"@type":"WebPage","@id":"https:\/\/www.lraloeverashop.eu\/fr\/conditions-generales\/","url":"https:\/\/www.lraloeverashop.eu\/fr\/conditions-generales\/","name":"Conditions G\u00e9n\u00e9rales de Boutique Lr Aloe Vera","isPartOf":{"@id":"https:\/\/www.lraloeverashop.eu\/fr\/#website"},"primaryImageOfPage":{"@id":"https:\/\/www.lraloeverashop.eu\/fr\/conditions-generales\/#primaryimage"},"image":{"@id":"https:\/\/www.lraloeverashop.eu\/fr\/conditions-generales\/#primaryimage"},"thumbnailUrl":"https:\/\/www.it-recht-kanzlei.de\/logo\/Logo_Juristisch_betreut_durch_IT-Recht_Kanzlei.png?i=38428-1ebaa-39c6-907c-1","datePublished":"2022-09-22T11:00:39+00:00","dateModified":"2025-04-13T17:34:21+00:00","description":"Les pr\u00e9sentes Conditions G\u00e9n\u00e9rales de Boutique Lr Aloe Vera s\u2019appliquent \u00e0 tous les contrats conclus entre un consommateur et le Vendeur","breadcrumb":{"@id":"https:\/\/www.lraloeverashop.eu\/fr\/conditions-generales\/#breadcrumb"},"inLanguage":"fr-FR","potentialAction":[{"@type":"ReadAction","target":["https:\/\/www.lraloeverashop.eu\/fr\/conditions-generales\/"]}]},{"@type":"ImageObject","inLanguage":"fr-FR","@id":"https:\/\/www.lraloeverashop.eu\/fr\/conditions-generales\/#primaryimage","url":"https:\/\/www.it-recht-kanzlei.de\/logo\/Logo_Juristisch_betreut_durch_IT-Recht_Kanzlei.png?i=38428-1ebaa-39c6-907c-1","contentUrl":"https:\/\/www.it-recht-kanzlei.de\/logo\/Logo_Juristisch_betreut_durch_IT-Recht_Kanzlei.png?i=38428-1ebaa-39c6-907c-1"},{"@type":"BreadcrumbList","@id":"https:\/\/www.lraloeverashop.eu\/fr\/conditions-generales\/#breadcrumb","itemListElement":[{"@type":"ListItem","position":1,"name":"Home","item":"https:\/\/www.lraloeverashop.eu\/fr\/"},{"@type":"ListItem","position":2,"name":"Conditions G\u00e9n\u00e9rales Boutique Lr Aloe Vera"}]},{"@type":"WebSite","@id":"https:\/\/www.lraloeverashop.eu\/fr\/#website","url":"https:\/\/www.lraloeverashop.eu\/fr\/","name":"Boutique Lr Aloe Vera","description":"High Quality Lr Aloe Vera Gel, Aloe Vera Cream and Shampoo","publisher":{"@id":"https:\/\/www.lraloeverashop.eu\/fr\/#organization"},"potentialAction":[{"@type":"SearchAction","target":{"@type":"EntryPoint","urlTemplate":"https:\/\/www.lraloeverashop.eu\/fr\/?s={search_term_string}"},"query-input":{"@type":"PropertyValueSpecification","valueRequired":true,"valueName":"search_term_string"}}],"inLanguage":"fr-FR"},{"@type":"Organization","@id":"https:\/\/www.lraloeverashop.eu\/fr\/#organization","name":"Boutique Lr Aloe Vera","alternateName":"LR","url":"https:\/\/www.lraloeverashop.eu\/fr\/","logo":{"@type":"ImageObject","inLanguage":"fr-FR","@id":"https:\/\/www.lraloeverashop.eu\/fr\/#\/schema\/logo\/image\/","url":"https:\/\/www.lraloeverashop.eu\/wp-content\/uploads\/2022\/09\/cropped-Lr-Aloe-Vera-Shop.jpg","contentUrl":"https:\/\/www.lraloeverashop.eu\/wp-content\/uploads\/2022\/09\/cropped-Lr-Aloe-Vera-Shop.jpg","width":228,"height":76,"caption":"Boutique Lr Aloe Vera"},"image":{"@id":"https:\/\/www.lraloeverashop.eu\/fr\/#\/schema\/logo\/image\/"},"sameAs":["https:\/\/www.facebook.com\/lraloeverashop.eu","https:\/\/x.com\/natur__kosmetik","https:\/\/www.youtube.com\/channel\/UC5oN7BJ8nfYb8RpVtjwDEBA","https:\/\/www.instagram.com\/lrbeautyeu\/"],"description":"La boutique LR Aloe Vera est votre destination de confiance pour les produits de sant\u00e9 et de beaut\u00e9 haut de gamme LR, fabriqu\u00e9s en Allemagne. Nous proposons des soins de la peau, des compl\u00e9ments nutritionnels et des solutions anti-\u00e2ge \u00e0 l'aloe vera de haute qualit\u00e9, \u00e9labor\u00e9s \u00e0 partir d'ingr\u00e9dients purs et valid\u00e9s par la recherche scientifique. D\u00e9couvrez des soins naturels qui r\u00e9g\u00e9n\u00e8rent, prot\u00e8gent et revitalisent votre peau, et profitez d'offres mensuelles exclusives sur nos produits LR Aloe Vera les plus vendus.\n\nCommencez d\u00e8s aujourd'hui votre parcours vers des soins naturels et constatez la diff\u00e9rence.","email":"info@lraloeverashop.eu","telephone":"+49 17670609653","legalName":"Lr Aloe Vera Shop","foundingDate":"2018-04-21","numberOfEmployees":{"@type":"QuantitativeValue","minValue":"1","maxValue":"10"}}]}},"taxonomy_info":[],"featured_image_src_large":false,"author_info":{"display_name":"Stanislav Rurik","author_link":"https:\/\/www.lraloeverashop.eu\/fr\/author\/admin_stanislavrurik\/"},"comment_info":0,"_links":{"self":[{"href":"https:\/\/www.lraloeverashop.eu\/fr\/wp-json\/wp\/v2\/pages\/6417","targetHints":{"allow":["GET"]}}],"collection":[{"href":"https:\/\/www.lraloeverashop.eu\/fr\/wp-json\/wp\/v2\/pages"}],"about":[{"href":"https:\/\/www.lraloeverashop.eu\/fr\/wp-json\/wp\/v2\/types\/page"}],"author":[{"embeddable":true,"href":"https:\/\/www.lraloeverashop.eu\/fr\/wp-json\/wp\/v2\/users\/2"}],"replies":[{"embeddable":true,"href":"https:\/\/www.lraloeverashop.eu\/fr\/wp-json\/wp\/v2\/comments?post=6417"}],"version-history":[{"count":0,"href":"https:\/\/www.lraloeverashop.eu\/fr\/wp-json\/wp\/v2\/pages\/6417\/revisions"}],"wp:attachment":[{"href":"https:\/\/www.lraloeverashop.eu\/fr\/wp-json\/wp\/v2\/media?parent=6417"}],"curies":[{"name":"wp","href":"https:\/\/api.w.org\/{rel}","templated":true}]}}